{"id":3972,"date":"2023-11-23T10:12:30","date_gmt":"2023-11-23T10:12:30","guid":{"rendered":"https:\/\/lesafriquesenquestions.com\/?page_id=3972"},"modified":"2026-04-16T14:26:48","modified_gmt":"2026-04-16T12:26:48","slug":"home-4","status":"publish","type":"page","link":"https:\/\/lesafriquesenquestions.com\/","title":{"rendered":"Acceuil"},"content":{"rendered":"\t\t<div data-elementor-type=\"wp-page\" data-elementor-id=\"3972\" class=\"elementor elementor-3972\">\n\t\t\t\t\t\t<section class=\"elementor-section elementor-top-section elementor-element elementor-element-13adf20 elementor-section-boxed elementor-section-height-default elementor-section-height-default\" data-id=\"13adf20\" data-element_type=\"section\" data-e-type=\"section\" data-settings=\"{&quot;background_background&quot;:&quot;classic&quot;}\">\n\t\t\t\t\t\t\t<div class=\"elementor-background-overlay\"><\/div>\n\t\t\t\t\t\t\t<div class=\"elementor-container elementor-column-gap-no\">\n\t\t\t\t\t<div class=\"elementor-column elementor-col-100 elementor-top-column elementor-element elementor-element-caf50ca\" data-id=\"caf50ca\" data-element_type=\"column\" data-e-type=\"column\">\n\t\t\t<div class=\"elementor-widget-wrap elementor-element-populated\">\n\t\t\t\t\t\t<div class=\"elementor-element elementor-element-24a23fd elementor-widget elementor-widget-podover_elementor_heading\" data-id=\"24a23fd\" data-element_type=\"widget\" data-e-type=\"widget\" data-widget_type=\"podover_elementor_heading.default\">\n\t\t\t\t<div class=\"elementor-widget-container\">\n\t\t\t\t\t\r\n\t\t\t<div class=\"ova-title\">\r\n\r\n\t\t\t\t\r\n\t\t\t\t\t\t\t\t\t\t\t\t\t\t\t\t<h2 class=\"title\">Les enjeux strat\u00e9giques, politiques et s\u00e9curitaires en Afrique(s)<\/h2>\r\n\t\t\t\t\t\t\t\t\t\r\n\t\t\t\t\t\t\t\t\t<p class=\"description\">Des entretiens exigeants avec des chercheurs, diplomates, journalistes et acteurs de terrain \u2014 pour comprendre le continent au-del\u00e0 des r\u00e9cits convenus.<\/p>\r\n\t\t\t\t\r\n\t\t\t<\/div> \r\n\t\t\t\r\n\t\t\t\t\t\t<\/div>\n\t\t\t\t<\/div>\n\t\t\t\t\t<\/div>\n\t\t<\/div>\n\t\t\t\t\t<\/div>\n\t\t<\/section>\n\t\t\t\t<section class=\"elementor-section elementor-top-section elementor-element elementor-element-5348661 elementor-section-full_width elementor-section-height-default elementor-section-height-default\" data-id=\"5348661\" data-element_type=\"section\" data-e-type=\"section\" data-settings=\"{&quot;background_background&quot;:&quot;classic&quot;}\">\n\t\t\t\t\t\t<div class=\"elementor-container elementor-column-gap-no\">\n\t\t\t\t\t<div class=\"elementor-column elementor-col-100 elementor-top-column elementor-element elementor-element-3a7c4b3\" data-id=\"3a7c4b3\" data-element_type=\"column\" data-e-type=\"column\">\n\t\t\t<div class=\"elementor-widget-wrap elementor-element-populated\">\n\t\t\t\t\t\t<section class=\"elementor-section elementor-inner-section elementor-element elementor-element-00407cc elementor-section-boxed elementor-section-height-default elementor-section-height-default\" data-id=\"00407cc\" data-element_type=\"section\" data-e-type=\"section\">\n\t\t\t\t\t\t<div class=\"elementor-container elementor-column-gap-default\">\n\t\t\t\t\t<div class=\"elementor-column elementor-col-100 elementor-inner-column elementor-element elementor-element-041c99b\" data-id=\"041c99b\" data-element_type=\"column\" data-e-type=\"column\">\n\t\t\t<div class=\"elementor-widget-wrap elementor-element-populated\">\n\t\t\t\t\t\t<div class=\"elementor-element elementor-element-3185456 elementor-widget elementor-widget-podover_elementor_heading\" data-id=\"3185456\" data-element_type=\"widget\" data-e-type=\"widget\" data-widget_type=\"podover_elementor_heading.default\">\n\t\t\t\t<div class=\"elementor-widget-container\">\n\t\t\t\t\t\r\n\t\t\t<div class=\"ova-title\">\r\n\r\n\t\t\t\t\t\t\t\t\t<h3 class=\"sub-title \">\r\n\t\t\t\t\t\tNouveaux \u00e9pisodes\t\r\n\t\t\t\t\t<\/h3>\r\n\t\t\t\t\r\n\t\t\t\t\t\t\t\t\t\t\t\t\t\t\t\t<h2 class=\"title\">Les derni\u00e8res question(s)<\/h2>\r\n\t\t\t\t\t\t\t\t\t\r\n\t\t\t\t\r\n\t\t\t<\/div> \r\n\t\t\t\r\n\t\t\t\t\t\t<\/div>\n\t\t\t\t<\/div>\n\t\t\t\t<div class=\"elementor-element elementor-element-a4a4905 elementor-widget elementor-widget-ovau_elementor_audio_grid_2\" data-id=\"a4a4905\" data-element_type=\"widget\" data-e-type=\"widget\" data-widget_type=\"ovau_elementor_audio_grid_2.default\">\n\t\t\t\t<div class=\"elementor-widget-container\">\n\t\t\t\t\t\r\n<!-- Audio Grid -->\r\n    \r\n        <div class=\"wrap-audio-posts-result\">\r\n\r\n            <div class=\"ova-audio-grid-2 archive_audio_grid_content three_column\">\r\n                \r\n<div class=\"ovau-item-part-grid-2 item\">\r\n\r\n    <div class=\"ova-media\"\r\n        data-type=\"iframe\" \r\n        data-audio-id=\"5362\" \r\n        data-player-id=\"604425617823985306\" \r\n        data-title=\"Donald Trump, l&rsquo;Afrique et le Sahel\" \r\n        data-category=\"&lt;a href=&quot;https:\/\/lesafriquesenquestions.com\/?category_audio=relations-internationales&quot;&gt;Relations Internationales&lt;\/a&gt;\" \r\n        data-host= \"&lt;a href=&quot;https:\/\/lesafriquesenquestions.com\/?ova_audio_host=franklin-nossiter&quot;&gt;Franklin Nossiter&lt;\/a&gt;\"\r\n        data-episode= \"10\" \r\n        data-src=\"\" \r\n        data-play-icon=\"fas fa-play\" \r\n        data-pause-icon=\"fas fa-pause\" \r\n        data-loop=\"true\" \r\n        data-skip-back=\"15\" \r\n        data-jump-forward=\"15\" \r\n        data-start-volume=\"0.5\"\r\n    >\r\n\r\n                    <div class=\"audio-img-wrapper\">\r\n                                    <a class=\"not-mega-link\" href=\"https:\/\/lesafriquesenquestions.com\/?ova_audio=donald-trump-lafrique-et-le-sahel\">\r\n                 \r\n                    <img decoding=\"async\" src=\"https:\/\/lesafriquesenquestions.com\/wp-content\/uploads\/2025\/09\/LAEQ-Cover.jpg\" class=\"audio-img\" alt=\"Donald Trump, l&rsquo;Afrique et le Sahel\">\r\n                                    <\/a>\r\n                \r\n                                    <a class=\"not-mega-link\" href=\"https:\/\/lesafriquesenquestions.com\/?ova_audio_host=franklin-nossiter\">\r\n                        <img decoding=\"async\" src=\"https:\/\/lesafriquesenquestions.com\/wp-content\/uploads\/2026\/04\/Voix-Africaines-150x150.jpg\" class=\"host-img\" title=\"Franklin Nossiter\" alt=\"Franklin Nossiter\">\r\n                    <\/a>\r\n                            <\/div>\r\n                \r\n        <div class=\"content\">\r\n            \r\n            \r\n            \r\n                                <a class=\"not-mega-link\" href=\"https:\/\/lesafriquesenquestions.com\/?ova_audio=donald-trump-lafrique-et-le-sahel\">\r\n                 \r\n                    <h3 class=\"title\">\r\n                        Donald Trump, l&rsquo;Afrique et le Sahel                    <\/h3>\r\n                                    <\/a>\r\n                \r\n            \r\n            \r\n            <div class=\"audio-meta-wrap\">\r\n                <div class=\"left-meta\">\r\n                                                                        <div class=\"icon\">\r\n                                <i class=\"ovaicon ovaicon-folder\"><\/i>\r\n                            <\/div>\r\n                                                                            <span class=\"category\">\r\n                                <a class=\"not-mega-link\" href=\"https:\/\/lesafriquesenquestions.com\/?category_audio=relations-internationales\">\r\n                                    Relations Internationales                                <\/a>\r\n                            <\/span>\r\n                                                            <\/div>\r\n                <div class=\"right-meta\">\r\n                                                            \r\n                                            <div class=\"ovau-btn-play audio-button\" data-id=\"5362\">\r\n                            <i class=\"fas fa-play\"><\/i>\r\n                            <div class=\"loader\">\r\n                                <span class=\"stroke\"><\/span>\r\n                                <span class=\"stroke\"><\/span>\r\n                                <span class=\"stroke\"><\/span>\r\n                                <span class=\"stroke\"><\/span>\r\n                                <span class=\"stroke\"><\/span>\r\n                            <\/div>\r\n                        <\/div>\r\n                                    <\/div>\r\n            <\/div>\r\n        <\/div>\r\n        <audio id=\"id_604425617823985306\" src=\"\"><\/audio>\r\n\r\n    <\/div>\r\n\r\n<\/div>\r\n<div class=\"ovau-item-part-grid-2 item\">\r\n\r\n    <div class=\"ova-media\"\r\n        data-type=\"iframe\" \r\n        data-audio-id=\"5363\" \r\n        data-player-id=\"537312432807597945\" \r\n        data-title=\"Privatiser la guerre : l&rsquo;Afrique et le march\u00e9 de la s\u00e9curit\u00e9\" \r\n        data-category=\"&lt;a href=&quot;https:\/\/lesafriquesenquestions.com\/?category_audio=securite-sahel&quot;&gt;S\u00e9curit\u00e9 &amp; Sahel&lt;\/a&gt;\" \r\n        data-host= \"&lt;a href=&quot;https:\/\/lesafriquesenquestions.com\/?ova_audio_host=djenabou-cisse&quot;&gt;Djenabou Ciss\u00e9&lt;\/a&gt;\"\r\n        data-episode= \"9\" \r\n        data-src=\"\" \r\n        data-play-icon=\"fas fa-play\" \r\n        data-pause-icon=\"fas fa-pause\" \r\n        data-loop=\"true\" \r\n        data-skip-back=\"15\" \r\n        data-jump-forward=\"15\" \r\n        data-start-volume=\"0.5\"\r\n    >\r\n\r\n                    <div class=\"audio-img-wrapper\">\r\n                                    <a class=\"not-mega-link\" href=\"https:\/\/lesafriquesenquestions.com\/?ova_audio=privatiser-la-guerre-lafrique-et-le-marche-de-la-securite\">\r\n                 \r\n                    <img decoding=\"async\" src=\"https:\/\/lesafriquesenquestions.com\/wp-content\/uploads\/2025\/09\/LAEQ-Cover.jpg\" class=\"audio-img\" alt=\"Privatiser la guerre : l&rsquo;Afrique et le march\u00e9 de la s\u00e9curit\u00e9\">\r\n                                    <\/a>\r\n                \r\n                                    <a class=\"not-mega-link\" href=\"https:\/\/lesafriquesenquestions.com\/?ova_audio_host=djenabou-cisse\">\r\n                        <img decoding=\"async\" src=\"https:\/\/lesafriquesenquestions.com\/wp-content\/plugins\/elementor\/assets\/images\/placeholder.png\" class=\"host-img\" title=\"Djenabou Ciss\u00e9\" alt=\"Djenabou Ciss\u00e9\">\r\n                    <\/a>\r\n                            <\/div>\r\n                \r\n        <div class=\"content\">\r\n            \r\n            \r\n            \r\n                                <a class=\"not-mega-link\" href=\"https:\/\/lesafriquesenquestions.com\/?ova_audio=privatiser-la-guerre-lafrique-et-le-marche-de-la-securite\">\r\n                 \r\n                    <h3 class=\"title\">\r\n                        Privatiser la guerre : l&rsquo;Afrique et le march\u00e9 de la s\u00e9curit\u00e9                    <\/h3>\r\n                                    <\/a>\r\n                \r\n            \r\n            \r\n            <div class=\"audio-meta-wrap\">\r\n                <div class=\"left-meta\">\r\n                                                                        <div class=\"icon\">\r\n                                <i class=\"ovaicon ovaicon-folder\"><\/i>\r\n                            <\/div>\r\n                                                                            <span class=\"category\">\r\n                                <a class=\"not-mega-link\" href=\"https:\/\/lesafriquesenquestions.com\/?category_audio=securite-sahel\">\r\n                                    S\u00e9curit\u00e9 &amp; Sahel                                <\/a>\r\n                            <\/span>\r\n                                                            <\/div>\r\n                <div class=\"right-meta\">\r\n                                                            \r\n                                            <div class=\"ovau-btn-play audio-button\" data-id=\"5363\">\r\n                            <i class=\"fas fa-play\"><\/i>\r\n                            <div class=\"loader\">\r\n                                <span class=\"stroke\"><\/span>\r\n                                <span class=\"stroke\"><\/span>\r\n                                <span class=\"stroke\"><\/span>\r\n                                <span class=\"stroke\"><\/span>\r\n                                <span class=\"stroke\"><\/span>\r\n                            <\/div>\r\n                        <\/div>\r\n                                    <\/div>\r\n            <\/div>\r\n        <\/div>\r\n        <audio id=\"id_537312432807597945\" src=\"\"><\/audio>\r\n\r\n    <\/div>\r\n\r\n<\/div>\r\n<div class=\"ovau-item-part-grid-2 item\">\r\n\r\n    <div class=\"ova-media\"\r\n        data-type=\"iframe\" \r\n        data-audio-id=\"5364\" \r\n        data-player-id=\"543921108397679386\" \r\n        data-title=\"Exil, langue et m\u00e9moire : \u00e9crire depuis les marges\" \r\n        data-category=\"&lt;a href=&quot;https:\/\/lesafriquesenquestions.com\/?category_audio=memoire-culture&quot;&gt;Memoire et culture&lt;\/a&gt;\" \r\n        data-host= \"&lt;a href=&quot;https:\/\/lesafriquesenquestions.com\/?ova_audio_host=diadie-dembele&quot;&gt;Diadi\u00e9 Demb\u00e9l\u00e9&lt;\/a&gt;\"\r\n        data-episode= \"8\" \r\n        data-src=\"\" \r\n        data-play-icon=\"fas fa-play\" \r\n        data-pause-icon=\"fas fa-pause\" \r\n        data-loop=\"true\" \r\n        data-skip-back=\"15\" \r\n        data-jump-forward=\"15\" \r\n        data-start-volume=\"0.5\"\r\n    >\r\n\r\n                    <div class=\"audio-img-wrapper\">\r\n                                    <a class=\"not-mega-link\" href=\"https:\/\/lesafriquesenquestions.com\/?ova_audio=exil-langue-et-memoire-ecrire-depuis-les-marges\">\r\n                 \r\n                    <img decoding=\"async\" src=\"https:\/\/lesafriquesenquestions.com\/wp-content\/uploads\/2025\/09\/LAEQ-Cover.jpg\" class=\"audio-img\" alt=\"Exil, langue et m\u00e9moire : \u00e9crire depuis les marges\">\r\n                                    <\/a>\r\n                \r\n                                    <a class=\"not-mega-link\" href=\"https:\/\/lesafriquesenquestions.com\/?ova_audio_host=diadie-dembele\">\r\n                        <img decoding=\"async\" src=\"https:\/\/lesafriquesenquestions.com\/wp-content\/plugins\/elementor\/assets\/images\/placeholder.png\" class=\"host-img\" title=\"Diadi\u00e9 Demb\u00e9l\u00e9\" alt=\"Diadi\u00e9 Demb\u00e9l\u00e9\">\r\n                    <\/a>\r\n                            <\/div>\r\n                \r\n        <div class=\"content\">\r\n            \r\n            \r\n            \r\n                                <a class=\"not-mega-link\" href=\"https:\/\/lesafriquesenquestions.com\/?ova_audio=exil-langue-et-memoire-ecrire-depuis-les-marges\">\r\n                 \r\n                    <h3 class=\"title\">\r\n                        Exil, langue et m\u00e9moire : \u00e9crire depuis les marges                    <\/h3>\r\n                                    <\/a>\r\n                \r\n            \r\n            \r\n            <div class=\"audio-meta-wrap\">\r\n                <div class=\"left-meta\">\r\n                                                                        <div class=\"icon\">\r\n                                <i class=\"ovaicon ovaicon-folder\"><\/i>\r\n                            <\/div>\r\n                                                                            <span class=\"category\">\r\n                                <a class=\"not-mega-link\" href=\"https:\/\/lesafriquesenquestions.com\/?category_audio=memoire-culture\">\r\n                                    Memoire et culture                                <\/a>\r\n                            <\/span>\r\n                                                            <\/div>\r\n                <div class=\"right-meta\">\r\n                                                            \r\n                                            <div class=\"ovau-btn-play audio-button\" data-id=\"5364\">\r\n                            <i class=\"fas fa-play\"><\/i>\r\n                            <div class=\"loader\">\r\n                                <span class=\"stroke\"><\/span>\r\n                                <span class=\"stroke\"><\/span>\r\n                                <span class=\"stroke\"><\/span>\r\n                                <span class=\"stroke\"><\/span>\r\n                                <span class=\"stroke\"><\/span>\r\n                            <\/div>\r\n                        <\/div>\r\n                                    <\/div>\r\n            <\/div>\r\n        <\/div>\r\n        <audio id=\"id_543921108397679386\" src=\"\"><\/audio>\r\n\r\n    <\/div>\r\n\r\n<\/div>            <\/div>\r\n\r\n            \r\n        <\/div>\r\n\r\n        \r\n    \r\n\t\t\t\t<\/div>\n\t\t\t\t<\/div>\n\t\t\t\t\t<\/div>\n\t\t<\/div>\n\t\t\t\t\t<\/div>\n\t\t<\/section>\n\t\t\t\t<div class=\"elementor-element elementor-element-5c3c7d9 elementor-widget-divider--view-line elementor-widget elementor-widget-divider\" data-id=\"5c3c7d9\" data-element_type=\"widget\" data-e-type=\"widget\" data-widget_type=\"divider.default\">\n\t\t\t\t\t\t\t<div class=\"elementor-divider\">\n\t\t\t<span class=\"elementor-divider-separator\">\n\t\t\t\t\t\t<\/span>\n\t\t<\/div>\n\t\t\t\t\t\t<\/div>\n\t\t\t\t\t<\/div>\n\t\t<\/div>\n\t\t\t\t\t<\/div>\n\t\t<\/section>\n\t\t\t\t<section class=\"elementor-section elementor-top-section elementor-element elementor-element-be762ce elementor-section-boxed elementor-section-height-default elementor-section-height-default\" data-id=\"be762ce\" data-element_type=\"section\" data-e-type=\"section\">\n\t\t\t\t\t\t<div class=\"elementor-container elementor-column-gap-default\">\n\t\t\t\t\t<div class=\"elementor-column elementor-col-50 elementor-top-column elementor-element elementor-element-6ca218e podover_stretch_column_left\" data-id=\"6ca218e\" data-element_type=\"column\" data-e-type=\"column\">\n\t\t\t<div class=\"elementor-widget-wrap elementor-element-populated\">\n\t\t\t\t\t\t<div class=\"elementor-element elementor-element-fa6bf09 elementor-widget__width-auto elementor-invisible elementor-widget elementor-widget-image\" data-id=\"fa6bf09\" data-element_type=\"widget\" data-e-type=\"widget\" data-settings=\"{&quot;_animation&quot;:&quot;ova-move-right&quot;,&quot;_animation_tablet&quot;:&quot;none&quot;}\" data-widget_type=\"image.default\">\n\t\t\t\t\t\t\t\t\t\t\t\t\t\t\t<img fetchpriority=\"high\" decoding=\"async\" width=\"2560\" height=\"2560\" src=\"https:\/\/lesafriquesenquestions.com\/wp-content\/uploads\/2026\/04\/Home_About-scaled.png\" class=\"attachment-full size-full wp-image-5327\" alt=\"\" srcset=\"https:\/\/lesafriquesenquestions.com\/wp-content\/uploads\/2026\/04\/Home_About-scaled.png 2560w, https:\/\/lesafriquesenquestions.com\/wp-content\/uploads\/2026\/04\/Home_About-300x300.png 300w, https:\/\/lesafriquesenquestions.com\/wp-content\/uploads\/2026\/04\/Home_About-1024x1024.png 1024w, https:\/\/lesafriquesenquestions.com\/wp-content\/uploads\/2026\/04\/Home_About-150x150.png 150w, https:\/\/lesafriquesenquestions.com\/wp-content\/uploads\/2026\/04\/Home_About-768x768.png 768w, https:\/\/lesafriquesenquestions.com\/wp-content\/uploads\/2026\/04\/Home_About-1536x1536.png 1536w, https:\/\/lesafriquesenquestions.com\/wp-content\/uploads\/2026\/04\/Home_About-2048x2048.png 2048w, https:\/\/lesafriquesenquestions.com\/wp-content\/uploads\/2026\/04\/Home_About-400x400.png 400w, https:\/\/lesafriquesenquestions.com\/wp-content\/uploads\/2026\/04\/Home_About-600x600.png 600w\" sizes=\"(max-width: 2560px) 100vw, 2560px\" \/>\t\t\t\t\t\t\t\t\t\t\t\t\t\t\t<\/div>\n\t\t\t\t\t<\/div>\n\t\t<\/div>\n\t\t\t\t<div class=\"elementor-column elementor-col-50 elementor-top-column elementor-element elementor-element-deaaa44 elementor-invisible\" data-id=\"deaaa44\" data-element_type=\"column\" data-e-type=\"column\" data-settings=\"{&quot;animation&quot;:&quot;ova-move-down&quot;,&quot;animation_tablet&quot;:&quot;none&quot;,&quot;animation_delay&quot;:150}\">\n\t\t\t<div class=\"elementor-widget-wrap elementor-element-populated\">\n\t\t\t\t\t\t<div class=\"elementor-element elementor-element-63b7c6e elementor-widget elementor-widget-podover_elementor_heading\" data-id=\"63b7c6e\" data-element_type=\"widget\" data-e-type=\"widget\" data-widget_type=\"podover_elementor_heading.default\">\n\t\t\t\t<div class=\"elementor-widget-container\">\n\t\t\t\t\t\r\n\t\t\t<div class=\"ova-title\">\r\n\r\n\t\t\t\t\t\t\t\t\t<h3 class=\"sub-title \">\r\n\t\t\t\t\t\tUne plateforme de r\u00e9flexion\t\r\n\t\t\t\t\t<\/h3>\r\n\t\t\t\t\r\n\t\t\t\t\t\t\t\t\t\t\t\t\t\t\t\t<h2 class=\"title\">Comprendre pour agir<\/h2>\r\n\t\t\t\t\t\t\t\t\t\r\n\t\t\t\t\r\n\t\t\t<\/div> \r\n\t\t\t\r\n\t\t\t\t\t\t<\/div>\n\t\t\t\t<\/div>\n\t\t\t\t<div class=\"elementor-element elementor-element-06a2d39 elementor-widget elementor-widget-text-editor\" data-id=\"06a2d39\" data-element_type=\"widget\" data-e-type=\"widget\" data-widget_type=\"text-editor.default\">\n\t\t\t\t\t\t\t\t\t<p>Les Afriques en Question(s) s&rsquo;est impos\u00e9 comme un espace de r\u00e9flexion exigeant, reconnu pour la qualit\u00e9 de ses invit\u00e9s, la coh\u00e9rence de sa ligne \u00e9ditoriale et la justesse de sa narration. Disponible sur Apple Podcasts et Spotify, le podcast poursuit une m\u00eame ambition : rendre le continent africain intelligible dans toute sa complexit\u00e9.<\/p>\t\t\t\t\t\t\t\t<\/div>\n\t\t\t\t<div class=\"elementor-element elementor-element-f0586a3 elementor-widget__width-auto elementor-widget elementor-widget-button\" data-id=\"f0586a3\" data-element_type=\"widget\" data-e-type=\"widget\" data-widget_type=\"button.default\">\n\t\t\t\t\t\t\t\t\t\t<a class=\"elementor-button elementor-button-link elementor-size-md\" href=\"https:\/\/lesafriquesenquestions.com\/?page_id=29\">\n\t\t\t\t\t\t<span class=\"elementor-button-content-wrapper\">\n\t\t\t\t\t\t\t\t\t<span class=\"elementor-button-text\">En savoir plus<\/span>\n\t\t\t\t\t<\/span>\n\t\t\t\t\t<\/a>\n\t\t\t\t\t\t\t\t<\/div>\n\t\t\t\t\t<\/div>\n\t\t<\/div>\n\t\t\t\t\t<\/div>\n\t\t<\/section>\n\t\t\t\t<section class=\"elementor-section elementor-top-section elementor-element elementor-element-e5f9bcf elementor-section-boxed elementor-section-height-default elementor-section-height-default\" data-id=\"e5f9bcf\" data-element_type=\"section\" data-e-type=\"section\" data-settings=\"{&quot;background_background&quot;:&quot;classic&quot;}\">\n\t\t\t\t\t\t\t<div class=\"elementor-background-overlay\"><\/div>\n\t\t\t\t\t\t\t<div class=\"elementor-container elementor-column-gap-default\">\n\t\t\t\t\t<div class=\"elementor-column elementor-col-100 elementor-top-column elementor-element elementor-element-82e5562\" data-id=\"82e5562\" data-element_type=\"column\" data-e-type=\"column\">\n\t\t\t<div class=\"elementor-widget-wrap elementor-element-populated\">\n\t\t\t\t\t\t<div class=\"elementor-element elementor-element-df7854c elementor-widget elementor-widget-podover_elementor_heading\" data-id=\"df7854c\" data-element_type=\"widget\" data-e-type=\"widget\" data-widget_type=\"podover_elementor_heading.default\">\n\t\t\t\t<div class=\"elementor-widget-container\">\n\t\t\t\t\t\r\n\t\t\t<div class=\"ova-title\">\r\n\r\n\t\t\t\t\t\t\t\t\t<h3 class=\"sub-title \">\r\n\t\t\t\t\t\tUne plateforme de r\u00e9flexion\t\r\n\t\t\t\t\t<\/h3>\r\n\t\t\t\t\r\n\t\t\t\t\t\t\t\t\t\t\t\t\t\t\t\t<h2 class=\"title\">Les sujets en question (s)<\/h2>\r\n\t\t\t\t\t\t\t\t\t\r\n\t\t\t\t\r\n\t\t\t<\/div> \r\n\t\t\t\r\n\t\t\t\t\t\t<\/div>\n\t\t\t\t<\/div>\n\t\t\t\t<div class=\"elementor-element elementor-element-a4f4c19 elementor-widget elementor-widget-ovau_elementor_audio_categories_slider\" data-id=\"a4f4c19\" data-element_type=\"widget\" data-e-type=\"widget\" data-settings=\"{&quot;pause_on_hover&quot;:&quot;yes&quot;,&quot;infinite&quot;:&quot;yes&quot;,&quot;autoplay&quot;:&quot;yes&quot;,&quot;autoplay_speed&quot;:3000,&quot;nav_control&quot;:&quot;yes&quot;,&quot;dot_control&quot;:&quot;no&quot;}\" data-widget_type=\"ovau_elementor_audio_categories_slider.default\">\n\t\t\t\t<div class=\"elementor-widget-container\">\n\t\t\t\t\t\r\n<div class=\"ova-audio-categories-slider\">\r\n\t<div dir=\"ltr\" class=\"slide-audio-categories swiper swiper-loading \" data-options=\"{&quot;items&quot;:5,&quot;slideBy&quot;:1,&quot;margin&quot;:30,&quot;autoplayTimeout&quot;:3000,&quot;smartSpeed&quot;:500,&quot;stagePadding&quot;:0,&quot;autoplayHoverPause&quot;:true,&quot;loop&quot;:true,&quot;autoplay&quot;:true,&quot;nav&quot;:true,&quot;dots&quot;:false,&quot;rtl&quot;:false,&quot;iconPrev&quot;:&quot;flaticon flaticon-left-arrow-1&quot;,&quot;iconNext&quot;:&quot;flaticon flaticon-right-arrow-1&quot;}\">\r\n\t\t<div class=\"swiper-wrapper\">\r\n\t\t\t\t\t\t<div class=\"swiper-slide\">\r\n\t\t\t\t<div class=\"item\">\r\n\t\t\t\t\t\t\t\t\t\t\t<a href=\"https:\/\/lesafriquesenquestions.com\/?category_audio=economie-politique\" >\r\n\t\t\t\t\t\t\t<h4 class=\"cat-title\">\r\n\t\t\t\t\t\t\t\tEconomie Politique\t\t\t\t\t\t\t<\/h4>\r\n\t\t\t\t\t\t<\/a>\r\n\t\t\t\t\t\t\t\t\t\t\t\t\t\t\t\t<a href=\"https:\/\/lesafriquesenquestions.com\/?category_audio=economie-politique\" >\r\n\t\t\t\t\t\t\t<div class=\"image-thumbnail\">\r\n\t\t\t\t\t\t\t\t<img decoding=\"async\" src=\"https:\/\/lesafriquesenquestions.com\/wp-content\/uploads\/2026\/04\/Economie-politique.jpg\" alt=\"Economie Politique\">\r\n\t\t\t\t\t\t\t<\/div>\r\n\t\t\t\t\t\t<\/a>\r\n\t\t\t\t\t\t\t\t\t<\/div>\r\n\t\t\t<\/div> <!-- .swiper-slide -->\r\n\t\t\t\t\t\t<div class=\"swiper-slide\">\r\n\t\t\t\t<div class=\"item\">\r\n\t\t\t\t\t\t\t\t\t\t\t<a href=\"https:\/\/lesafriquesenquestions.com\/?category_audio=geopolitique\" >\r\n\t\t\t\t\t\t\t<h4 class=\"cat-title\">\r\n\t\t\t\t\t\t\t\tG\u00e9opolitique\t\t\t\t\t\t\t<\/h4>\r\n\t\t\t\t\t\t<\/a>\r\n\t\t\t\t\t\t\t\t\t\t\t\t\t\t\t\t<a href=\"https:\/\/lesafriquesenquestions.com\/?category_audio=geopolitique\" >\r\n\t\t\t\t\t\t\t<div class=\"image-thumbnail\">\r\n\t\t\t\t\t\t\t\t<img decoding=\"async\" src=\"https:\/\/lesafriquesenquestions.com\/wp-content\/plugins\/ova-audio\/assets\/img\/woocommerce-placeholder-600x600.png\" alt=\"G\u00e9opolitique\">\r\n\t\t\t\t\t\t\t<\/div>\r\n\t\t\t\t\t\t<\/a>\r\n\t\t\t\t\t\t\t\t\t<\/div>\r\n\t\t\t<\/div> <!-- .swiper-slide -->\r\n\t\t\t\t\t\t<div class=\"swiper-slide\">\r\n\t\t\t\t<div class=\"item\">\r\n\t\t\t\t\t\t\t\t\t\t\t<a href=\"https:\/\/lesafriquesenquestions.com\/?category_audio=memoire-culture\" >\r\n\t\t\t\t\t\t\t<h4 class=\"cat-title\">\r\n\t\t\t\t\t\t\t\tMemoire et culture\t\t\t\t\t\t\t<\/h4>\r\n\t\t\t\t\t\t<\/a>\r\n\t\t\t\t\t\t\t\t\t\t\t\t\t\t\t\t<a href=\"https:\/\/lesafriquesenquestions.com\/?category_audio=memoire-culture\" >\r\n\t\t\t\t\t\t\t<div class=\"image-thumbnail\">\r\n\t\t\t\t\t\t\t\t<img decoding=\"async\" src=\"https:\/\/lesafriquesenquestions.com\/wp-content\/uploads\/2026\/04\/Memoire-et-culture.jpg\" alt=\"Memoire et culture\">\r\n\t\t\t\t\t\t\t<\/div>\r\n\t\t\t\t\t\t<\/a>\r\n\t\t\t\t\t\t\t\t\t<\/div>\r\n\t\t\t<\/div> <!-- .swiper-slide -->\r\n\t\t\t\t\t\t<div class=\"swiper-slide\">\r\n\t\t\t\t<div class=\"item\">\r\n\t\t\t\t\t\t\t\t\t\t\t<a href=\"https:\/\/lesafriquesenquestions.com\/?category_audio=relations-internationales\" >\r\n\t\t\t\t\t\t\t<h4 class=\"cat-title\">\r\n\t\t\t\t\t\t\t\tRelations Internationales\t\t\t\t\t\t\t<\/h4>\r\n\t\t\t\t\t\t<\/a>\r\n\t\t\t\t\t\t\t\t\t\t\t\t\t\t\t\t<a href=\"https:\/\/lesafriquesenquestions.com\/?category_audio=relations-internationales\" >\r\n\t\t\t\t\t\t\t<div class=\"image-thumbnail\">\r\n\t\t\t\t\t\t\t\t<img decoding=\"async\" src=\"https:\/\/lesafriquesenquestions.com\/wp-content\/uploads\/2026\/04\/Relations-internationales.jpg\" alt=\"Relations Internationales\">\r\n\t\t\t\t\t\t\t<\/div>\r\n\t\t\t\t\t\t<\/a>\r\n\t\t\t\t\t\t\t\t\t<\/div>\r\n\t\t\t<\/div> <!-- .swiper-slide -->\r\n\t\t\t\t\t\t<div class=\"swiper-slide\">\r\n\t\t\t\t<div class=\"item\">\r\n\t\t\t\t\t\t\t\t\t\t\t<a href=\"https:\/\/lesafriquesenquestions.com\/?category_audio=securite-sahel\" >\r\n\t\t\t\t\t\t\t<h4 class=\"cat-title\">\r\n\t\t\t\t\t\t\t\tS\u00e9curit\u00e9 &amp; Sahel\t\t\t\t\t\t\t<\/h4>\r\n\t\t\t\t\t\t<\/a>\r\n\t\t\t\t\t\t\t\t\t\t\t\t\t\t\t\t<a href=\"https:\/\/lesafriquesenquestions.com\/?category_audio=securite-sahel\" >\r\n\t\t\t\t\t\t\t<div class=\"image-thumbnail\">\r\n\t\t\t\t\t\t\t\t<img decoding=\"async\" src=\"https:\/\/lesafriquesenquestions.com\/wp-content\/uploads\/2026\/04\/Securite-au-Sahel.jpg\" alt=\"S\u00e9curit\u00e9 &amp; Sahel\">\r\n\t\t\t\t\t\t\t<\/div>\r\n\t\t\t\t\t\t<\/a>\r\n\t\t\t\t\t\t\t\t\t<\/div>\r\n\t\t\t<\/div> <!-- .swiper-slide -->\r\n\t\t\t\t\t\t<div class=\"swiper-slide\">\r\n\t\t\t\t<div class=\"item\">\r\n\t\t\t\t\t\t\t\t\t\t\t<a href=\"https:\/\/lesafriquesenquestions.com\/?category_audio=voix-africaines\" >\r\n\t\t\t\t\t\t\t<h4 class=\"cat-title\">\r\n\t\t\t\t\t\t\t\tVoix Africaines\t\t\t\t\t\t\t<\/h4>\r\n\t\t\t\t\t\t<\/a>\r\n\t\t\t\t\t\t\t\t\t\t\t\t\t\t\t\t<a href=\"https:\/\/lesafriquesenquestions.com\/?category_audio=voix-africaines\" >\r\n\t\t\t\t\t\t\t<div class=\"image-thumbnail\">\r\n\t\t\t\t\t\t\t\t<img decoding=\"async\" src=\"https:\/\/lesafriquesenquestions.com\/wp-content\/uploads\/2026\/04\/Voix-Africaines.jpg\" alt=\"Voix Africaines\">\r\n\t\t\t\t\t\t\t<\/div>\r\n\t\t\t\t\t\t<\/a>\r\n\t\t\t\t\t\t\t\t\t<\/div>\r\n\t\t\t<\/div> <!-- .swiper-slide -->\r\n\t\t\t\t\t<\/div> <!-- .swiper-wrapper -->\r\n\t\t\r\n\t\t\t<\/div> <!-- .slide-audio-categories -->\r\n\t\t\t<div class=\"ova-navigation\">\r\n\t\t\t<div class=\"ova-audio-button-prev\">\r\n\t\t\t\t<i class=\"flaticon flaticon-left-arrow-1\"><\/i>\r\n\t\t\t<\/div>\r\n\t\t\t<div class=\"ova-audio-button-next\">\r\n\t\t\t\t<i class=\"flaticon flaticon-right-arrow-1\"><\/i>\r\n\t\t\t<\/div>\r\n\t\t<\/div>\r\n\t<\/div>\t\t\t\t<\/div>\n\t\t\t\t<\/div>\n\t\t\t\t\t<\/div>\n\t\t<\/div>\n\t\t\t\t\t<\/div>\n\t\t<\/section>\n\t\t\t\t<section class=\"elementor-section elementor-top-section elementor-element elementor-element-f7e6e9a elementor-section-boxed elementor-section-height-default elementor-section-height-default\" data-id=\"f7e6e9a\" data-element_type=\"section\" data-e-type=\"section\">\n\t\t\t\t\t\t<div class=\"elementor-container elementor-column-gap-default\">\n\t\t\t\t\t<div class=\"elementor-column elementor-col-100 elementor-top-column elementor-element elementor-element-c77104a\" data-id=\"c77104a\" data-element_type=\"column\" data-e-type=\"column\">\n\t\t\t<div class=\"elementor-widget-wrap elementor-element-populated\">\n\t\t\t\t\t\t<div class=\"elementor-element elementor-element-3c1416f elementor-widget elementor-widget-podover_elementor_heading\" data-id=\"3c1416f\" data-element_type=\"widget\" data-e-type=\"widget\" data-widget_type=\"podover_elementor_heading.default\">\n\t\t\t\t<div class=\"elementor-widget-container\">\n\t\t\t\t\t\r\n\t\t\t<div class=\"ova-title\">\r\n\r\n\t\t\t\t\t\t\t\t\t<h3 class=\"sub-title \">\r\n\t\t\t\t\t\tLes plus \u00e9cout\u00e9s\t\r\n\t\t\t\t\t<\/h3>\r\n\t\t\t\t\r\n\t\t\t\t\t\t\t\t\t\t\t\t\t\t\t\t<h2 class=\"title\">Les \u00e9pisodes qui font question(s)<\/h2>\r\n\t\t\t\t\t\t\t\t\t\r\n\t\t\t\t\r\n\t\t\t<\/div> \r\n\t\t\t\r\n\t\t\t\t\t\t<\/div>\n\t\t\t\t<\/div>\n\t\t\t\t<div class=\"elementor-element elementor-element-d939d0e elementor-widget elementor-widget-ovau_elementor_audio_slider_2\" data-id=\"d939d0e\" data-element_type=\"widget\" data-e-type=\"widget\" data-settings=\"{&quot;pause_on_hover&quot;:&quot;yes&quot;,&quot;nav_control&quot;:&quot;yes&quot;,&quot;dot_control&quot;:&quot;no&quot;}\" data-widget_type=\"ovau_elementor_audio_slider_2.default\">\n\t\t\t\t<div class=\"elementor-widget-container\">\n\t\t\t\t\t\r\n<div class=\"ova-audio-slider-2\">\r\n\t<div dir=\"ltr\" class=\"content slide-audio-2 swiper swiper-loading \" data-options=\"{&quot;items&quot;:3,&quot;slideBy&quot;:1,&quot;margin&quot;:0,&quot;autoplayTimeout&quot;:3000,&quot;smartSpeed&quot;:500,&quot;stagePadding&quot;:0,&quot;autoplayHoverPause&quot;:true,&quot;loop&quot;:false,&quot;autoplay&quot;:false,&quot;nav&quot;:true,&quot;dots&quot;:false,&quot;rtl&quot;:false,&quot;iconPrev&quot;:&quot;flaticon flaticon-left-arrow-1&quot;,&quot;iconNext&quot;:&quot;flaticon flaticon-right-arrow-1&quot;}\">\r\n\t\t<div class=\"swiper-wrapper\">\r\n\t\t\t<div class=\"swiper-slide\">\r\n<div class=\"ovau-item-part-grid-2 item\">\r\n\r\n    <div class=\"ova-media\"\r\n        data-type=\"iframe\" \r\n        data-audio-id=\"5362\" \r\n        data-player-id=\"782295378323139220\" \r\n        data-title=\"Donald Trump, l&rsquo;Afrique et le Sahel\" \r\n        data-category=\"&lt;a href=&quot;https:\/\/lesafriquesenquestions.com\/?category_audio=relations-internationales&quot;&gt;Relations Internationales&lt;\/a&gt;\" \r\n        data-host= \"&lt;a href=&quot;https:\/\/lesafriquesenquestions.com\/?ova_audio_host=franklin-nossiter&quot;&gt;Franklin Nossiter&lt;\/a&gt;\"\r\n        data-episode= \"10\" \r\n        data-src=\"\" \r\n        data-play-icon=\"fas fa-play\" \r\n        data-pause-icon=\"fas fa-pause\" \r\n        data-loop=\"true\" \r\n        data-skip-back=\"15\" \r\n        data-jump-forward=\"15\" \r\n        data-start-volume=\"0.5\"\r\n    >\r\n\r\n                    <div class=\"audio-img-wrapper\">\r\n                                    <a class=\"not-mega-link\" href=\"https:\/\/lesafriquesenquestions.com\/?ova_audio=donald-trump-lafrique-et-le-sahel\">\r\n                 \r\n                    <img decoding=\"async\" src=\"https:\/\/lesafriquesenquestions.com\/wp-content\/uploads\/2025\/09\/LAEQ-Cover.jpg\" class=\"audio-img\" alt=\"Donald Trump, l&rsquo;Afrique et le Sahel\">\r\n                                    <\/a>\r\n                \r\n                                    <a class=\"not-mega-link\" href=\"https:\/\/lesafriquesenquestions.com\/?ova_audio_host=franklin-nossiter\">\r\n                        <img decoding=\"async\" src=\"https:\/\/lesafriquesenquestions.com\/wp-content\/uploads\/2026\/04\/Voix-Africaines-150x150.jpg\" class=\"host-img\" title=\"Franklin Nossiter\" alt=\"Franklin Nossiter\">\r\n                    <\/a>\r\n                            <\/div>\r\n                \r\n        <div class=\"content\">\r\n            \r\n                                                <div class=\"icon\">\r\n                        <i class=\"ovaicon ovaicon-folder\"><\/i>\r\n                    <\/div>\r\n                                                    <span class=\"category\">\r\n                        <a class=\"not-mega-link\" href=\"https:\/\/lesafriquesenquestions.com\/?category_audio=relations-internationales\">\r\n                            Relations Internationales                        <\/a>\r\n                    <\/span>\r\n                                                    <span class=\"episode \">\r\n                        10   \r\n                    <\/span>\r\n                            \r\n            \r\n                                <a class=\"not-mega-link\" href=\"https:\/\/lesafriquesenquestions.com\/?ova_audio=donald-trump-lafrique-et-le-sahel\">\r\n                 \r\n                    <h3 class=\"title\">\r\n                        Donald Trump, l&rsquo;Afrique et le Sahel                    <\/h3>\r\n                                    <\/a>\r\n                \r\n            \r\n                            <p class=\"excerpt\">\r\n                    America First, acte II. Quand Washington se d\u00e9sengage, qui comble le vide au Sahel ?                <\/p>\r\n            \r\n            <div class=\"audio-meta-wrap\">\r\n                <div class=\"left-meta\">\r\n                                                                                <\/div>\r\n                <div class=\"right-meta\">\r\n                                                            \r\n                                            <div class=\"ovau-btn-play audio-button\" data-id=\"5362\">\r\n                            <i class=\"fas fa-play\"><\/i>\r\n                            <div class=\"loader\">\r\n                                <span class=\"stroke\"><\/span>\r\n                                <span class=\"stroke\"><\/span>\r\n                                <span class=\"stroke\"><\/span>\r\n                                <span class=\"stroke\"><\/span>\r\n                                <span class=\"stroke\"><\/span>\r\n                            <\/div>\r\n                        <\/div>\r\n                                    <\/div>\r\n            <\/div>\r\n        <\/div>\r\n        <audio id=\"id_782295378323139220\" src=\"\"><\/audio>\r\n\r\n    <\/div>\r\n\r\n<\/div><\/div><div class=\"swiper-slide\">\r\n<div class=\"ovau-item-part-grid-2 item\">\r\n\r\n    <div class=\"ova-media\"\r\n        data-type=\"iframe\" \r\n        data-audio-id=\"5363\" \r\n        data-player-id=\"189776550780339253\" \r\n        data-title=\"Privatiser la guerre : l&rsquo;Afrique et le march\u00e9 de la s\u00e9curit\u00e9\" \r\n        data-category=\"&lt;a href=&quot;https:\/\/lesafriquesenquestions.com\/?category_audio=securite-sahel&quot;&gt;S\u00e9curit\u00e9 &amp; Sahel&lt;\/a&gt;\" \r\n        data-host= \"&lt;a href=&quot;https:\/\/lesafriquesenquestions.com\/?ova_audio_host=djenabou-cisse&quot;&gt;Djenabou Ciss\u00e9&lt;\/a&gt;\"\r\n        data-episode= \"9\" \r\n        data-src=\"\" \r\n        data-play-icon=\"fas fa-play\" \r\n        data-pause-icon=\"fas fa-pause\" \r\n        data-loop=\"true\" \r\n        data-skip-back=\"15\" \r\n        data-jump-forward=\"15\" \r\n        data-start-volume=\"0.5\"\r\n    >\r\n\r\n                    <div class=\"audio-img-wrapper\">\r\n                                    <a class=\"not-mega-link\" href=\"https:\/\/lesafriquesenquestions.com\/?ova_audio=privatiser-la-guerre-lafrique-et-le-marche-de-la-securite\">\r\n                 \r\n                    <img decoding=\"async\" src=\"https:\/\/lesafriquesenquestions.com\/wp-content\/uploads\/2025\/09\/LAEQ-Cover.jpg\" class=\"audio-img\" alt=\"Privatiser la guerre : l&rsquo;Afrique et le march\u00e9 de la s\u00e9curit\u00e9\">\r\n                                    <\/a>\r\n                \r\n                                    <a class=\"not-mega-link\" href=\"https:\/\/lesafriquesenquestions.com\/?ova_audio_host=djenabou-cisse\">\r\n                        <img decoding=\"async\" src=\"https:\/\/lesafriquesenquestions.com\/wp-content\/plugins\/elementor\/assets\/images\/placeholder.png\" class=\"host-img\" title=\"Djenabou Ciss\u00e9\" alt=\"Djenabou Ciss\u00e9\">\r\n                    <\/a>\r\n                            <\/div>\r\n                \r\n        <div class=\"content\">\r\n            \r\n                                                <div class=\"icon\">\r\n                        <i class=\"ovaicon ovaicon-folder\"><\/i>\r\n                    <\/div>\r\n                                                    <span class=\"category\">\r\n                        <a class=\"not-mega-link\" href=\"https:\/\/lesafriquesenquestions.com\/?category_audio=securite-sahel\">\r\n                            S\u00e9curit\u00e9 &amp; Sahel                        <\/a>\r\n                    <\/span>\r\n                                                    <span class=\"episode \">\r\n                        9   \r\n                    <\/span>\r\n                            \r\n            \r\n                                <a class=\"not-mega-link\" href=\"https:\/\/lesafriquesenquestions.com\/?ova_audio=privatiser-la-guerre-lafrique-et-le-marche-de-la-securite\">\r\n                 \r\n                    <h3 class=\"title\">\r\n                        Privatiser la guerre : l&rsquo;Afrique et le march\u00e9 de la s\u00e9curit\u00e9                    <\/h3>\r\n                                    <\/a>\r\n                \r\n            \r\n                            <p class=\"excerpt\">\r\n                    Des mines aux casernes, la s\u00e9curit\u00e9 devient un service. Mais \u00e0 quel prix pour la souverainet\u00e9 des \u00c9tats ?                <\/p>\r\n            \r\n            <div class=\"audio-meta-wrap\">\r\n                <div class=\"left-meta\">\r\n                                                                                <\/div>\r\n                <div class=\"right-meta\">\r\n                                                            \r\n                                            <div class=\"ovau-btn-play audio-button\" data-id=\"5363\">\r\n                            <i class=\"fas fa-play\"><\/i>\r\n                            <div class=\"loader\">\r\n                                <span class=\"stroke\"><\/span>\r\n                                <span class=\"stroke\"><\/span>\r\n                                <span class=\"stroke\"><\/span>\r\n                                <span class=\"stroke\"><\/span>\r\n                                <span class=\"stroke\"><\/span>\r\n                            <\/div>\r\n                        <\/div>\r\n                                    <\/div>\r\n            <\/div>\r\n        <\/div>\r\n        <audio id=\"id_189776550780339253\" src=\"\"><\/audio>\r\n\r\n    <\/div>\r\n\r\n<\/div><\/div><div class=\"swiper-slide\">\r\n<div class=\"ovau-item-part-grid-2 item\">\r\n\r\n    <div class=\"ova-media\"\r\n        data-type=\"iframe\" \r\n        data-audio-id=\"5364\" \r\n        data-player-id=\"555481613030473047\" \r\n        data-title=\"Exil, langue et m\u00e9moire : \u00e9crire depuis les marges\" \r\n        data-category=\"&lt;a href=&quot;https:\/\/lesafriquesenquestions.com\/?category_audio=memoire-culture&quot;&gt;Memoire et culture&lt;\/a&gt;\" \r\n        data-host= \"&lt;a href=&quot;https:\/\/lesafriquesenquestions.com\/?ova_audio_host=diadie-dembele&quot;&gt;Diadi\u00e9 Demb\u00e9l\u00e9&lt;\/a&gt;\"\r\n        data-episode= \"8\" \r\n        data-src=\"\" \r\n        data-play-icon=\"fas fa-play\" \r\n        data-pause-icon=\"fas fa-pause\" \r\n        data-loop=\"true\" \r\n        data-skip-back=\"15\" \r\n        data-jump-forward=\"15\" \r\n        data-start-volume=\"0.5\"\r\n    >\r\n\r\n                    <div class=\"audio-img-wrapper\">\r\n                                    <a class=\"not-mega-link\" href=\"https:\/\/lesafriquesenquestions.com\/?ova_audio=exil-langue-et-memoire-ecrire-depuis-les-marges\">\r\n                 \r\n                    <img decoding=\"async\" src=\"https:\/\/lesafriquesenquestions.com\/wp-content\/uploads\/2025\/09\/LAEQ-Cover.jpg\" class=\"audio-img\" alt=\"Exil, langue et m\u00e9moire : \u00e9crire depuis les marges\">\r\n                                    <\/a>\r\n                \r\n                                    <a class=\"not-mega-link\" href=\"https:\/\/lesafriquesenquestions.com\/?ova_audio_host=diadie-dembele\">\r\n                        <img decoding=\"async\" src=\"https:\/\/lesafriquesenquestions.com\/wp-content\/plugins\/elementor\/assets\/images\/placeholder.png\" class=\"host-img\" title=\"Diadi\u00e9 Demb\u00e9l\u00e9\" alt=\"Diadi\u00e9 Demb\u00e9l\u00e9\">\r\n                    <\/a>\r\n                            <\/div>\r\n                \r\n        <div class=\"content\">\r\n            \r\n                                                <div class=\"icon\">\r\n                        <i class=\"ovaicon ovaicon-folder\"><\/i>\r\n                    <\/div>\r\n                                                    <span class=\"category\">\r\n                        <a class=\"not-mega-link\" href=\"https:\/\/lesafriquesenquestions.com\/?category_audio=memoire-culture\">\r\n                            Memoire et culture                        <\/a>\r\n                    <\/span>\r\n                                                    <span class=\"episode \">\r\n                        8   \r\n                    <\/span>\r\n                            \r\n            \r\n                                <a class=\"not-mega-link\" href=\"https:\/\/lesafriquesenquestions.com\/?ova_audio=exil-langue-et-memoire-ecrire-depuis-les-marges\">\r\n                 \r\n                    <h3 class=\"title\">\r\n                        Exil, langue et m\u00e9moire : \u00e9crire depuis les marges                    <\/h3>\r\n                                    <\/a>\r\n                \r\n            \r\n                            <p class=\"excerpt\">\r\n                    Entre le Mali et la France, une langue comme territoire de r\u00e9sistance. L'exil racont\u00e9 de l'int\u00e9rieur.                <\/p>\r\n            \r\n            <div class=\"audio-meta-wrap\">\r\n                <div class=\"left-meta\">\r\n                                                                                <\/div>\r\n                <div class=\"right-meta\">\r\n                                                            \r\n                                            <div class=\"ovau-btn-play audio-button\" data-id=\"5364\">\r\n                            <i class=\"fas fa-play\"><\/i>\r\n                            <div class=\"loader\">\r\n                                <span class=\"stroke\"><\/span>\r\n                                <span class=\"stroke\"><\/span>\r\n                                <span class=\"stroke\"><\/span>\r\n                                <span class=\"stroke\"><\/span>\r\n                                <span class=\"stroke\"><\/span>\r\n                            <\/div>\r\n                        <\/div>\r\n                                    <\/div>\r\n            <\/div>\r\n        <\/div>\r\n        <audio id=\"id_555481613030473047\" src=\"\"><\/audio>\r\n\r\n    <\/div>\r\n\r\n<\/div><\/div><div class=\"swiper-slide\">\r\n<div class=\"ovau-item-part-grid-2 item\">\r\n\r\n    <div class=\"ova-media\"\r\n        data-type=\"iframe\" \r\n        data-audio-id=\"5365\" \r\n        data-player-id=\"914191072405069302\" \r\n        data-title=\"Outel Bono : une trajectoire interrompue\" \r\n        data-category=\"&lt;a href=&quot;https:\/\/lesafriquesenquestions.com\/?category_audio=memoire-culture&quot;&gt;Memoire et culture&lt;\/a&gt;\" \r\n        data-host= \"&lt;a href=&quot;https:\/\/lesafriquesenquestions.com\/?ova_audio_host=kalidou-sy&quot;&gt;Kalidou Sy&lt;\/a&gt;\"\r\n        data-episode= \"7\" \r\n        data-src=\"\" \r\n        data-play-icon=\"fas fa-play\" \r\n        data-pause-icon=\"fas fa-pause\" \r\n        data-loop=\"true\" \r\n        data-skip-back=\"15\" \r\n        data-jump-forward=\"15\" \r\n        data-start-volume=\"0.5\"\r\n    >\r\n\r\n                    <div class=\"audio-img-wrapper\">\r\n                                    <a class=\"not-mega-link\" href=\"https:\/\/lesafriquesenquestions.com\/?ova_audio=outel-bono-une-trajectoire-interrompue\">\r\n                 \r\n                    <img decoding=\"async\" src=\"https:\/\/lesafriquesenquestions.com\/wp-content\/uploads\/2025\/09\/LAEQ-Cover.jpg\" class=\"audio-img\" alt=\"Outel Bono : une trajectoire interrompue\">\r\n                                    <\/a>\r\n                \r\n                                    <a class=\"not-mega-link\" href=\"https:\/\/lesafriquesenquestions.com\/?ova_audio_host=kalidou-sy\">\r\n                        <img decoding=\"async\" src=\"https:\/\/lesafriquesenquestions.com\/wp-content\/plugins\/elementor\/assets\/images\/placeholder.png\" class=\"host-img\" title=\"Kalidou Sy\" alt=\"Kalidou Sy\">\r\n                    <\/a>\r\n                            <\/div>\r\n                \r\n        <div class=\"content\">\r\n            \r\n                                                <div class=\"icon\">\r\n                        <i class=\"ovaicon ovaicon-folder\"><\/i>\r\n                    <\/div>\r\n                                                    <span class=\"category\">\r\n                        <a class=\"not-mega-link\" href=\"https:\/\/lesafriquesenquestions.com\/?category_audio=memoire-culture\">\r\n                            Memoire et culture                        <\/a>\r\n                    <\/span>\r\n                                                    <span class=\"episode \">\r\n                        7   \r\n                    <\/span>\r\n                            \r\n            \r\n                                <a class=\"not-mega-link\" href=\"https:\/\/lesafriquesenquestions.com\/?ova_audio=outel-bono-une-trajectoire-interrompue\">\r\n                 \r\n                    <h3 class=\"title\">\r\n                        Outel Bono : une trajectoire interrompue                    <\/h3>\r\n                                    <\/a>\r\n                \r\n            \r\n                            <p class=\"excerpt\">\r\n                    Ao\u00fbt 1973, Paris. Un m\u00e9decin tchadien, un assassinat non \u00e9lucid\u00e9, et cinquante ans de questions sans r\u00e9ponses.                <\/p>\r\n            \r\n            <div class=\"audio-meta-wrap\">\r\n                <div class=\"left-meta\">\r\n                                                                                <\/div>\r\n                <div class=\"right-meta\">\r\n                                                            \r\n                                            <div class=\"ovau-btn-play audio-button\" data-id=\"5365\">\r\n                            <i class=\"fas fa-play\"><\/i>\r\n                            <div class=\"loader\">\r\n                                <span class=\"stroke\"><\/span>\r\n                                <span class=\"stroke\"><\/span>\r\n                                <span class=\"stroke\"><\/span>\r\n                                <span class=\"stroke\"><\/span>\r\n                                <span class=\"stroke\"><\/span>\r\n                            <\/div>\r\n                        <\/div>\r\n                                    <\/div>\r\n            <\/div>\r\n        <\/div>\r\n        <audio id=\"id_914191072405069302\" src=\"\"><\/audio>\r\n\r\n    <\/div>\r\n\r\n<\/div><\/div><div class=\"swiper-slide\">\r\n<div class=\"ovau-item-part-grid-2 item\">\r\n\r\n    <div class=\"ova-media\"\r\n        data-type=\"iframe\" \r\n        data-audio-id=\"5366\" \r\n        data-player-id=\"587646830554552019\" \r\n        data-title=\"Conversations avec Ousmane Ndiaye\" \r\n        data-category=\"&lt;a href=&quot;https:\/\/lesafriquesenquestions.com\/?category_audio=voix-africaines&quot;&gt;Voix Africaines&lt;\/a&gt;\" \r\n        data-host= \"&lt;a href=&quot;https:\/\/lesafriquesenquestions.com\/?ova_audio_host=ousmane-ndiaye&quot;&gt;Ousmane Ndiaye&lt;\/a&gt;\"\r\n        data-episode= \"6\" \r\n        data-src=\"\" \r\n        data-play-icon=\"fas fa-play\" \r\n        data-pause-icon=\"fas fa-pause\" \r\n        data-loop=\"true\" \r\n        data-skip-back=\"15\" \r\n        data-jump-forward=\"15\" \r\n        data-start-volume=\"0.5\"\r\n    >\r\n\r\n                    <div class=\"audio-img-wrapper\">\r\n                                    <a class=\"not-mega-link\" href=\"https:\/\/lesafriquesenquestions.com\/?ova_audio=conversations-avec-ousmane-ndiaye\">\r\n                 \r\n                    <img decoding=\"async\" src=\"https:\/\/lesafriquesenquestions.com\/wp-content\/uploads\/2025\/09\/LAEQ-Cover.jpg\" class=\"audio-img\" alt=\"Conversations avec Ousmane Ndiaye\">\r\n                                    <\/a>\r\n                \r\n                                    <a class=\"not-mega-link\" href=\"https:\/\/lesafriquesenquestions.com\/?ova_audio_host=ousmane-ndiaye\">\r\n                        <img decoding=\"async\" src=\"https:\/\/lesafriquesenquestions.com\/wp-content\/plugins\/elementor\/assets\/images\/placeholder.png\" class=\"host-img\" title=\"Ousmane Ndiaye\" alt=\"Ousmane Ndiaye\">\r\n                    <\/a>\r\n                            <\/div>\r\n                \r\n        <div class=\"content\">\r\n            \r\n                                                <div class=\"icon\">\r\n                        <i class=\"ovaicon ovaicon-folder\"><\/i>\r\n                    <\/div>\r\n                                                    <span class=\"category\">\r\n                        <a class=\"not-mega-link\" href=\"https:\/\/lesafriquesenquestions.com\/?category_audio=voix-africaines\">\r\n                            Voix Africaines                        <\/a>\r\n                    <\/span>\r\n                                                    <span class=\"episode \">\r\n                        6   \r\n                    <\/span>\r\n                            \r\n            \r\n                                <a class=\"not-mega-link\" href=\"https:\/\/lesafriquesenquestions.com\/?ova_audio=conversations-avec-ousmane-ndiaye\">\r\n                 \r\n                    <h3 class=\"title\">\r\n                        Conversations avec Ousmane Ndiaye                    <\/h3>\r\n                                    <\/a>\r\n                \r\n            \r\n                            <p class=\"excerpt\">\r\n                    Qui fabrique l'information sur l'Afrique ? Un grand t\u00e9moin du journalisme africain prend la parole.                <\/p>\r\n            \r\n            <div class=\"audio-meta-wrap\">\r\n                <div class=\"left-meta\">\r\n                                                                                <\/div>\r\n                <div class=\"right-meta\">\r\n                                                            \r\n                                            <div class=\"ovau-btn-play audio-button\" data-id=\"5366\">\r\n                            <i class=\"fas fa-play\"><\/i>\r\n                            <div class=\"loader\">\r\n                                <span class=\"stroke\"><\/span>\r\n                                <span class=\"stroke\"><\/span>\r\n                                <span class=\"stroke\"><\/span>\r\n                                <span class=\"stroke\"><\/span>\r\n                                <span class=\"stroke\"><\/span>\r\n                            <\/div>\r\n                        <\/div>\r\n                                    <\/div>\r\n            <\/div>\r\n        <\/div>\r\n        <audio id=\"id_587646830554552019\" src=\"\"><\/audio>\r\n\r\n    <\/div>\r\n\r\n<\/div><\/div>\t\t<\/div> <!-- .swiper-wrapper -->\r\n\r\n\t\t\t\t\t<div class=\"ova-button-prev\">\r\n\t\t\t\t<i class=\"flaticon flaticon-left-arrow-1\"><\/i>\r\n\t\t\t<\/div>\r\n\t\t\t<div class=\"ova-button-next\">\r\n\t\t\t\t<i class=\"flaticon flaticon-right-arrow-1\"><\/i>\r\n\t\t\t<\/div>\r\n\t\t\r\n\t\t\t<\/div>\r\n<\/div>\t\t\t\t<\/div>\n\t\t\t\t<\/div>\n\t\t\t\t\t<\/div>\n\t\t<\/div>\n\t\t\t\t\t<\/div>\n\t\t<\/section>\n\t\t\t\t<section class=\"elementor-section elementor-top-section elementor-element elementor-element-32712d5 elementor-section-boxed elementor-section-height-default elementor-section-height-default\" data-id=\"32712d5\" data-element_type=\"section\" data-e-type=\"section\" data-settings=\"{&quot;background_background&quot;:&quot;classic&quot;}\">\n\t\t\t\t\t\t\t<div class=\"elementor-background-overlay\"><\/div>\n\t\t\t\t\t\t\t<div class=\"elementor-container elementor-column-gap-default\">\n\t\t\t\t\t<div class=\"elementor-column elementor-col-50 elementor-top-column elementor-element elementor-element-b896424\" data-id=\"b896424\" data-element_type=\"column\" data-e-type=\"column\">\n\t\t\t<div class=\"elementor-widget-wrap elementor-element-populated\">\n\t\t\t\t\t\t<div class=\"elementor-element elementor-element-b320e04 elementor-widget__width-auto elementor-widget elementor-widget-image\" data-id=\"b320e04\" data-element_type=\"widget\" data-e-type=\"widget\" data-widget_type=\"image.default\">\n\t\t\t\t\t\t\t\t\t\t\t\t\t\t\t<img decoding=\"async\" width=\"228\" height=\"228\" src=\"https:\/\/lesafriquesenquestions.com\/wp-content\/uploads\/2022\/06\/Icon1.png\" class=\"attachment-large size-large wp-image-1882\" alt=\"\" srcset=\"https:\/\/lesafriquesenquestions.com\/wp-content\/uploads\/2022\/06\/Icon1.png 228w, https:\/\/lesafriquesenquestions.com\/wp-content\/uploads\/2022\/06\/Icon1-150x150.png 150w\" sizes=\"(max-width: 228px) 100vw, 228px\" \/>\t\t\t\t\t\t\t\t\t\t\t\t\t\t\t<\/div>\n\t\t\t\t\t<\/div>\n\t\t<\/div>\n\t\t\t\t<div class=\"elementor-column elementor-col-50 elementor-top-column elementor-element elementor-element-9a5c153\" data-id=\"9a5c153\" data-element_type=\"column\" data-e-type=\"column\">\n\t\t\t<div class=\"elementor-widget-wrap elementor-element-populated\">\n\t\t\t\t\t\t<div class=\"elementor-element elementor-element-b6231af elementor-widget elementor-widget-podover_elementor_heading\" data-id=\"b6231af\" data-element_type=\"widget\" data-e-type=\"widget\" data-widget_type=\"podover_elementor_heading.default\">\n\t\t\t\t<div class=\"elementor-widget-container\">\n\t\t\t\t\t\r\n\t\t\t<div class=\"ova-title\">\r\n\r\n\t\t\t\t\t\t\t\t\t<h3 class=\"sub-title \">\r\n\t\t\t\t\t\tUne plateforme de r\u00e9flexion\t\r\n\t\t\t\t\t<\/h3>\r\n\t\t\t\t\r\n\t\t\t\t\t\t\t\t\t\t\t\t\t\t\t\t<h2 class=\"title\">Le podcast qui fait question(s) a besoin de vous.<\/h2>\r\n\t\t\t\t\t\t\t\t\t\r\n\t\t\t\t\t\t\t\t\t<p class=\"description\">Ind\u00e9pendant depuis 2020, Les Afriques en Question(s) existe gr\u00e2ce \u00e0 ses auditeurs. Votre soutien permet de continuer \u00e0 donner la parole \u00e0 ceux qui pensent le continent autrement.<\/p>\r\n\t\t\t\t\r\n\t\t\t<\/div> \r\n\t\t\t\r\n\t\t\t\t\t\t<\/div>\n\t\t\t\t<\/div>\n\t\t\t\t<div class=\"elementor-element elementor-element-da2b489 elementor-align-left elementor-widget elementor-widget-button\" data-id=\"da2b489\" data-element_type=\"widget\" data-e-type=\"widget\" data-widget_type=\"button.default\">\n\t\t\t\t\t\t\t\t\t\t<a class=\"elementor-button elementor-button-link elementor-size-md\" href=\"https:\/\/lesafriquesenquestions.com\/donate-us\/\">\n\t\t\t\t\t\t<span class=\"elementor-button-content-wrapper\">\n\t\t\t\t\t\t\t\t\t<span class=\"elementor-button-text\">Soutenir le podcast<\/span>\n\t\t\t\t\t<\/span>\n\t\t\t\t\t<\/a>\n\t\t\t\t\t\t\t\t<\/div>\n\t\t\t\t\t<\/div>\n\t\t<\/div>\n\t\t\t\t\t<\/div>\n\t\t<\/section>\n\t\t\t\t<section class=\"elementor-section elementor-top-section elementor-element elementor-element-2458942 elementor-section-boxed elementor-section-height-default elementor-section-height-default\" data-id=\"2458942\" data-element_type=\"section\" data-e-type=\"section\">\n\t\t\t\t\t\t<div class=\"elementor-container elementor-column-gap-extended\">\n\t\t\t\t\t<div class=\"elementor-column elementor-col-100 elementor-top-column elementor-element elementor-element-ec47531\" data-id=\"ec47531\" data-element_type=\"column\" data-e-type=\"column\">\n\t\t\t<div class=\"elementor-widget-wrap elementor-element-populated\">\n\t\t\t\t\t\t<div class=\"elementor-element elementor-element-e9dd104 elementor-widget elementor-widget-podover_elementor_heading\" data-id=\"e9dd104\" data-element_type=\"widget\" data-e-type=\"widget\" data-widget_type=\"podover_elementor_heading.default\">\n\t\t\t\t<div class=\"elementor-widget-container\">\n\t\t\t\t\t\r\n\t\t\t<div class=\"ova-title\">\r\n\r\n\t\t\t\t\r\n\t\t\t\t\t\t\t\t\t\t\t\t\t\t\t\t<h2 class=\"title\">L'actu en question(s)<\/h2>\r\n\t\t\t\t\t\t\t\t\t\r\n\t\t\t\t\r\n\t\t\t<\/div> \r\n\t\t\t\r\n\t\t\t\t\t\t<\/div>\n\t\t\t\t<\/div>\n\t\t\t\t<div class=\"elementor-element elementor-element-219a9c4 elementor-widget elementor-widget-podover_elementor_blog_grid_2\" data-id=\"219a9c4\" data-element_type=\"widget\" data-e-type=\"widget\" data-widget_type=\"podover_elementor_blog_grid_2.default\">\n\t\t\t\t<div class=\"elementor-widget-container\">\n\t\t\t\t\t\t\t\r\n\t\t<ul class=\"ova-blog-2  columns3\">\r\n\t\t\t\t\t\t\t<li class=\"item\">\r\n\r\n\t\t\t\t    <div class=\"media\">\r\n\t\t\t        \t\t\t\t        \t<img decoding=\"async\" src=\"https:\/\/lesafriquesenquestions.com\/wp-content\/uploads\/2025\/09\/LAEQ-Cover.jpg\" alt=\"L&rsquo;afrique m\u00e9rite mieux que les r\u00e9cits convenus.\">\r\n\t\t\t\t\t\t\t\t\t\t\t\t    <div class=\"post-date\">\r\n\t\t\t\t\t\t\t\t<span class=\"right-j \">3<\/span>\r\n\t\t\t\t\t\t\t\t<span class=\"right-f yf \">juin<\/span>\r\n\t\t\t\t\t\t    <\/div>\r\n\t\t\t\t\t    \t\t\t        <\/div>\r\n\r\n\t\t\t\t    <div class=\"content\">\r\n\t\t\t\t        <ul class=\"post-meta\">\r\n\t\t\t\t\t    \t\r\n\t\t\t\t\t\t    \t\t\t\t\t\t\t\t<li class=\"item-meta wp-author\">\r\n\t\t\t\t\t\t\t    \t<span class=\"left author\">\r\n\t\t\t\t\t\t\t    \t \t<i class=\"fas fa-user-circle\"><\/i>\r\n\t\t\t\t\t\t\t    \t<\/span>\r\n\t\t\t\t\t\t\t\t    <span class=\"right post-author\">\r\n\t\t\t\t\t\t\t        \t<a href=\"https:\/\/lesafriquesenquestions.com\/?author=1\">\r\n\t\t\t\t\t\t\t        \t\tAdministrateur\t\t\t\t\t\t\t        \t<\/a>\r\n\t\t\t\t\t\t\t\t    <\/span>\r\n\t\t\t\t\t\t\t    <\/li>\r\n\t\t\t\t\t\t\t\r\n\t\t\t\t\t\t\t\t\t\t\t\t\t\t\t<li class=\"item-meta comment\">\r\n\t\t\t\t\t\t\t\t\t<span class=\"left author\">\r\n\t\t\t\t\t\t\t    \t \t<i class=\"fas fa-comments\"><\/i>\r\n\t\t\t\t\t\t\t    \t<\/span>\r\n\t\t\t\t\t\t\t\t\t\r\n\t\t\t\t\t\t\t\t\t<span class=\"right comment\">\r\n\t\t\t\t\t\t\t\t\t\t<a href=\"https:\/\/lesafriquesenquestions.com\/?p=2111#respond\"> 0 Comment<\/a>\t\t\t\t\t\t\t\t\t<\/span>\r\n\t\t\t\t\t\t\t\t\t              \r\n\t\t\t\t\t\t\t\t<\/li>\r\n\t\t\t\t\t\t\t\t\t\t\t\t\t\t\r\n\t\t\t\t\t    <\/ul>\r\n\t\t\t\t\t\r\n\r\n\t\t\t\t\t\t\t\t\t\t            <h2 class=\"post-title\">\r\n\t\t\t\t\t\t        <a href=\"https:\/\/lesafriquesenquestions.com\/?p=2111\" rel=\"bookmark\" title=\"L&rsquo;afrique m\u00e9rite mieux que les r\u00e9cits convenus.\">\r\n\t\t\t\t\t\t          L&rsquo;afrique m\u00e9rite mieux que les r\u00e9cits convenus.\t\t\t\t\t\t        <\/a>\r\n\t\t\t\t\t\t    <\/h2>\r\n\t\t\t\t\t    \t\t\t\t\t   \r\n\t\t\t\t\t<\/div>\r\n\t\t\t\t\t\r\n\t\t\t\t<\/li>\t\r\n\t\t\t\t\t\r\n\t\t\t\t\t<\/ul>\r\n\t\t\r\n\t\t\r\n\t\t\t\t\t\t<\/div>\n\t\t\t\t<\/div>\n\t\t\t\t\t<\/div>\n\t\t<\/div>\n\t\t\t\t\t<\/div>\n\t\t<\/section>\n\t\t\t\t<section class=\"elementor-section elementor-top-section elementor-element elementor-element-4a475f1 elementor-section-content-middle elementor-section-boxed elementor-section-height-default elementor-section-height-default\" data-id=\"4a475f1\" data-element_type=\"section\" data-e-type=\"section\" data-settings=\"{&quot;background_background&quot;:&quot;classic&quot;}\">\n\t\t\t\t\t\t<div class=\"elementor-container elementor-column-gap-default\">\n\t\t\t\t\t<div class=\"elementor-column elementor-col-50 elementor-top-column elementor-element elementor-element-49c2226\" data-id=\"49c2226\" data-element_type=\"column\" data-e-type=\"column\">\n\t\t\t<div class=\"elementor-widget-wrap elementor-element-populated\">\n\t\t\t\t\t\t<div class=\"elementor-element elementor-element-98f05ff elementor-widget elementor-widget-podover_elementor_heading\" data-id=\"98f05ff\" data-element_type=\"widget\" data-e-type=\"widget\" data-widget_type=\"podover_elementor_heading.default\">\n\t\t\t\t<div class=\"elementor-widget-container\">\n\t\t\t\t\t\r\n\t\t\t<div class=\"ova-title\">\r\n\r\n\t\t\t\t\t\t\t\t\t<h3 class=\"sub-title \">\r\n\t\t\t\t\t\tApple Podcasts, Spotify et plus\t\r\n\t\t\t\t\t<\/h3>\r\n\t\t\t\t\r\n\t\t\t\t\t\t\t\t\t\t\t\t\t\t\t\t<h2 class=\"title\">L'\u00e9coute, \u00e7a ne fait pas question(s)<\/h2>\r\n\t\t\t\t\t\t\t\t\t\r\n\t\t\t\t\t\t\t\t\t<p class=\"description\">Retrouvez Les Afriques en Question(s) sur vos plateformes d&#039;\u00e9coute pr\u00e9f\u00e9r\u00e9es. Abonnez-vous pour ne manquer aucun \u00e9pisode.<\/p>\r\n\t\t\t\t\r\n\t\t\t<\/div> \r\n\t\t\t\r\n\t\t\t\t\t\t<\/div>\n\t\t\t\t<\/div>\n\t\t\t\t\t<\/div>\n\t\t<\/div>\n\t\t\t\t<div class=\"elementor-column elementor-col-50 elementor-top-column elementor-element elementor-element-94ef3a7\" data-id=\"94ef3a7\" data-element_type=\"column\" data-e-type=\"column\" data-settings=\"{&quot;background_background&quot;:&quot;classic&quot;}\">\n\t\t\t<div class=\"elementor-widget-wrap elementor-element-populated\">\n\t\t\t\t\t\t<section class=\"elementor-section elementor-inner-section elementor-element elementor-element-1ff9a62 elementor-section-content-middle elementor-section-boxed elementor-section-height-default elementor-section-height-default\" data-id=\"1ff9a62\" data-element_type=\"section\" data-e-type=\"section\">\n\t\t\t\t\t\t<div class=\"elementor-container elementor-column-gap-default\">\n\t\t\t\t\t<div class=\"elementor-column elementor-col-33 elementor-inner-column elementor-element elementor-element-764675a\" data-id=\"764675a\" data-element_type=\"column\" data-e-type=\"column\">\n\t\t\t<div class=\"elementor-widget-wrap elementor-element-populated\">\n\t\t\t\t\t\t<div class=\"elementor-element elementor-element-6928911 elementor-widget elementor-widget-image\" data-id=\"6928911\" data-element_type=\"widget\" data-e-type=\"widget\" data-widget_type=\"image.default\">\n\t\t\t\t\t\t\t\t\t\t\t\t\t\t\t<img decoding=\"async\" width=\"82\" height=\"47\" src=\"https:\/\/lesafriquesenquestions.com\/wp-content\/uploads\/2022\/06\/01.png\" class=\"attachment-large size-large wp-image-1230\" alt=\"\" \/>\t\t\t\t\t\t\t\t\t\t\t\t\t\t\t<\/div>\n\t\t\t\t\t<\/div>\n\t\t<\/div>\n\t\t\t\t<div class=\"elementor-column elementor-col-33 elementor-inner-column elementor-element elementor-element-6303489\" data-id=\"6303489\" data-element_type=\"column\" data-e-type=\"column\">\n\t\t\t<div class=\"elementor-widget-wrap elementor-element-populated\">\n\t\t\t\t\t\t<div class=\"elementor-element elementor-element-556f515 elementor-widget elementor-widget-image\" data-id=\"556f515\" data-element_type=\"widget\" data-e-type=\"widget\" data-widget_type=\"image.default\">\n\t\t\t\t\t\t\t\t\t\t\t\t\t\t\t<img loading=\"lazy\" decoding=\"async\" width=\"128\" height=\"39\" src=\"https:\/\/lesafriquesenquestions.com\/wp-content\/uploads\/2022\/06\/02.png\" class=\"attachment-large size-large wp-image-1231\" alt=\"\" \/>\t\t\t\t\t\t\t\t\t\t\t\t\t\t\t<\/div>\n\t\t\t\t\t<\/div>\n\t\t<\/div>\n\t\t\t\t<div class=\"elementor-column elementor-col-33 elementor-inner-column elementor-element elementor-element-4eaa3d3\" data-id=\"4eaa3d3\" data-element_type=\"column\" data-e-type=\"column\">\n\t\t\t<div class=\"elementor-widget-wrap elementor-element-populated\">\n\t\t\t\t\t\t<div class=\"elementor-element elementor-element-c8972f9 elementor-widget elementor-widget-image\" data-id=\"c8972f9\" data-element_type=\"widget\" data-e-type=\"widget\" data-widget_type=\"image.default\">\n\t\t\t\t\t\t\t\t\t\t\t\t\t\t\t<img loading=\"lazy\" decoding=\"async\" width=\"140\" height=\"38\" src=\"https:\/\/lesafriquesenquestions.com\/wp-content\/uploads\/2022\/06\/03.png\" class=\"attachment-large size-large wp-image-1232\" alt=\"\" \/>\t\t\t\t\t\t\t\t\t\t\t\t\t\t\t<\/div>\n\t\t\t\t\t<\/div>\n\t\t<\/div>\n\t\t\t\t\t<\/div>\n\t\t<\/section>\n\t\t\t\t<section class=\"elementor-section elementor-inner-section elementor-element elementor-element-9be6723 elementor-section-content-middle elementor-section-boxed elementor-section-height-default elementor-section-height-default\" data-id=\"9be6723\" data-element_type=\"section\" data-e-type=\"section\">\n\t\t\t\t\t\t<div class=\"elementor-container elementor-column-gap-default\">\n\t\t\t\t\t<div class=\"elementor-column elementor-col-50 elementor-inner-column elementor-element elementor-element-5967db0\" data-id=\"5967db0\" data-element_type=\"column\" data-e-type=\"column\">\n\t\t\t<div class=\"elementor-widget-wrap elementor-element-populated\">\n\t\t\t\t\t\t<div class=\"elementor-element elementor-element-7e3fcd8 elementor-widget elementor-widget-image\" data-id=\"7e3fcd8\" data-element_type=\"widget\" data-e-type=\"widget\" data-widget_type=\"image.default\">\n\t\t\t\t\t\t\t\t\t\t\t\t\t\t\t<img loading=\"lazy\" decoding=\"async\" width=\"199\" height=\"40\" src=\"https:\/\/lesafriquesenquestions.com\/wp-content\/uploads\/2022\/06\/04.png\" class=\"attachment-large size-large wp-image-1236\" alt=\"\" \/>\t\t\t\t\t\t\t\t\t\t\t\t\t\t\t<\/div>\n\t\t\t\t\t<\/div>\n\t\t<\/div>\n\t\t\t\t<div class=\"elementor-column elementor-col-50 elementor-inner-column elementor-element elementor-element-3a7c17d\" data-id=\"3a7c17d\" data-element_type=\"column\" data-e-type=\"column\">\n\t\t\t<div class=\"elementor-widget-wrap elementor-element-populated\">\n\t\t\t\t\t\t<div class=\"elementor-element elementor-element-0e6f70a elementor-widget elementor-widget-image\" data-id=\"0e6f70a\" data-element_type=\"widget\" data-e-type=\"widget\" data-widget_type=\"image.default\">\n\t\t\t\t\t\t\t\t\t\t\t\t\t\t\t<img loading=\"lazy\" decoding=\"async\" width=\"246\" height=\"48\" src=\"https:\/\/lesafriquesenquestions.com\/wp-content\/uploads\/2022\/06\/05.png\" class=\"attachment-large size-large wp-image-1237\" alt=\"\" \/>\t\t\t\t\t\t\t\t\t\t\t\t\t\t\t<\/div>\n\t\t\t\t\t<\/div>\n\t\t<\/div>\n\t\t\t\t\t<\/div>\n\t\t<\/section>\n\t\t\t\t\t<\/div>\n\t\t<\/div>\n\t\t\t\t\t<\/div>\n\t\t<\/section>\n\t\t\t\t<section class=\"elementor-section elementor-top-section elementor-element elementor-element-bb8431d elementor-section-boxed elementor-section-height-default elementor-section-height-default\" data-id=\"bb8431d\" data-element_type=\"section\" data-e-type=\"section\">\n\t\t\t\t\t\t<div class=\"elementor-container elementor-column-gap-default\">\n\t\t\t\t\t<div class=\"elementor-column elementor-col-100 elementor-top-column elementor-element elementor-element-08f3c9c\" data-id=\"08f3c9c\" data-element_type=\"column\" data-e-type=\"column\" data-settings=\"{&quot;background_background&quot;:&quot;classic&quot;}\">\n\t\t\t<div class=\"elementor-widget-wrap elementor-element-populated\">\n\t\t\t\t\t\t<section class=\"elementor-section elementor-inner-section elementor-element elementor-element-d852b08 elementor-section-boxed elementor-section-height-default elementor-section-height-default\" data-id=\"d852b08\" data-element_type=\"section\" data-e-type=\"section\">\n\t\t\t\t\t\t<div class=\"elementor-container elementor-column-gap-default\">\n\t\t\t\t\t<div class=\"elementor-column elementor-col-50 elementor-inner-column elementor-element elementor-element-2e7c81a\" data-id=\"2e7c81a\" data-element_type=\"column\" data-e-type=\"column\">\n\t\t\t<div class=\"elementor-widget-wrap elementor-element-populated\">\n\t\t\t\t\t\t<div class=\"elementor-element elementor-element-05805cc elementor-widget elementor-widget-podover_elementor_heading\" data-id=\"05805cc\" data-element_type=\"widget\" data-e-type=\"widget\" data-widget_type=\"podover_elementor_heading.default\">\n\t\t\t\t<div class=\"elementor-widget-container\">\n\t\t\t\t\t\r\n\t\t\t<div class=\"ova-title\">\r\n\r\n\t\t\t\t\t\t\t\t\t<h3 class=\"sub-title \">\r\n\t\t\t\t\t\tRestez inform\u00e9\t\r\n\t\t\t\t\t<\/h3>\r\n\t\t\t\t\r\n\t\t\t\t\t\t\t\t\t\t\t\t\t\t\t\t<h2 class=\"title\">Ne manquez plus aucune question(s)<\/h2>\r\n\t\t\t\t\t\t\t\t\t\r\n\t\t\t\t\r\n\t\t\t<\/div> \r\n\t\t\t\r\n\t\t\t\t\t\t<\/div>\n\t\t\t\t<\/div>\n\t\t\t\t\t<\/div>\n\t\t<\/div>\n\t\t\t\t<div class=\"elementor-column elementor-col-50 elementor-inner-column elementor-element elementor-element-737e827\" data-id=\"737e827\" data-element_type=\"column\" data-e-type=\"column\">\n\t\t\t<div class=\"elementor-widget-wrap elementor-element-populated\">\n\t\t\t\t\t\t<div class=\"elementor-element elementor-element-a554b9c mc4wp-style-1 elementor-widget elementor-widget-shortcode\" data-id=\"a554b9c\" data-element_type=\"widget\" data-e-type=\"widget\" data-widget_type=\"shortcode.default\">\n\t\t\t\t\t\t\t<div class=\"elementor-shortcode\"><\/div>\n\t\t\t\t\t\t<\/div>\n\t\t\t\t\t<\/div>\n\t\t<\/div>\n\t\t\t\t\t<\/div>\n\t\t<\/section>\n\t\t\t\t\t<\/div>\n\t\t<\/div>\n\t\t\t\t\t<\/div>\n\t\t<\/section>\n\t\t\t\t<\/div>\n\t\t","protected":false},"excerpt":{"rendered":"<p>Les enjeux strat\u00e9giques, politiques et s\u00e9curitaires en Afrique(s) Des entretiens exigeants avec des chercheurs, diplomates, journalistes et acteurs de terrain \u2014 pour comprendre le continent au-del\u00e0 des r\u00e9cits convenus. Nouveaux \u00e9pisodes Les derni\u00e8res question(s) Donald Trump, l&rsquo;Afrique et le Sahel Relations Internationales Privatiser la guerre : l&rsquo;Afrique et le march\u00e9 de la s\u00e9curit\u00e9 S\u00e9curit\u00e9 &amp; [&hellip;]<\/p>\n","protected":false},"author":1,"featured_media":0,"parent":0,"menu_order":0,"comment_status":"closed","ping_status":"closed","template":"elementor_header_footer","meta":{"give_campaign_id":0,"footnotes":""},"class_list":["post-3972","page","type-page","status-publish","hentry"],"yoast_head":"<!-- This site is optimized with the Yoast SEO plugin v27.2 - https:\/\/yoast.com\/product\/yoast-seo-wordpress\/ -->\n<title>Acceuil - Les Afriques en Questions<\/title>\n<meta name=\"robots\" content=\"index, follow, max-snippet:-1, max-image-preview:large, max-video-preview:-1\" \/>\n<link rel=\"canonical\" href=\"https:\/\/lesafriquesenquestions.com\/\" \/>\n<meta property=\"og:locale\" content=\"fr_FR\" \/>\n<meta property=\"og:type\" content=\"article\" \/>\n<meta property=\"og:title\" content=\"Acceuil - Les Afriques en Questions\" \/>\n<meta property=\"og:description\" content=\"Les enjeux strat\u00e9giques, politiques et s\u00e9curitaires en Afrique(s) Des entretiens exigeants avec des chercheurs, diplomates, journalistes et acteurs de terrain \u2014 pour comprendre le continent au-del\u00e0 des r\u00e9cits convenus. Nouveaux \u00e9pisodes Les derni\u00e8res question(s) Donald Trump, l&rsquo;Afrique et le Sahel Relations Internationales Privatiser la guerre : l&rsquo;Afrique et le march\u00e9 de la s\u00e9curit\u00e9 S\u00e9curit\u00e9 &amp; [&hellip;]\" \/>\n<meta property=\"og:url\" content=\"https:\/\/lesafriquesenquestions.com\/\" \/>\n<meta property=\"og:site_name\" content=\"Les Afriques en Questions\" \/>\n<meta property=\"article:modified_time\" content=\"2026-04-16T12:26:48+00:00\" \/>\n<meta property=\"og:image\" content=\"https:\/\/lesafriquesenquestions.com\/wp-content\/uploads\/2025\/09\/LAEQ-Cover.jpg\" \/>\n<meta name=\"twitter:card\" content=\"summary_large_image\" \/>\n<meta name=\"twitter:label1\" content=\"Dur\u00e9e de lecture estim\u00e9e\" \/>\n\t<meta name=\"twitter:data1\" content=\"9 minutes\" \/>\n<script type=\"application\/ld+json\" class=\"yoast-schema-graph\">{\"@context\":\"https:\/\/schema.org\",\"@graph\":[{\"@type\":\"WebPage\",\"@id\":\"https:\/\/lesafriquesenquestions.com\/\",\"url\":\"https:\/\/lesafriquesenquestions.com\/\",\"name\":\"Acceuil - Les Afriques en Questions\",\"isPartOf\":{\"@id\":\"https:\/\/lesafriquesenquestions.com\/#website\"},\"primaryImageOfPage\":{\"@id\":\"https:\/\/lesafriquesenquestions.com\/#primaryimage\"},\"image\":{\"@id\":\"https:\/\/lesafriquesenquestions.com\/#primaryimage\"},\"thumbnailUrl\":\"https:\/\/lesafriquesenquestions.com\/wp-content\/uploads\/2025\/09\/LAEQ-Cover.jpg\",\"datePublished\":\"2023-11-23T10:12:30+00:00\",\"dateModified\":\"2026-04-16T12:26:48+00:00\",\"breadcrumb\":{\"@id\":\"https:\/\/lesafriquesenquestions.com\/#breadcrumb\"},\"inLanguage\":\"fr-FR\",\"potentialAction\":[{\"@type\":\"ReadAction\",\"target\":[\"https:\/\/lesafriquesenquestions.com\/\"]}]},{\"@type\":\"ImageObject\",\"inLanguage\":\"fr-FR\",\"@id\":\"https:\/\/lesafriquesenquestions.com\/#primaryimage\",\"url\":\"https:\/\/lesafriquesenquestions.com\/wp-content\/uploads\/2025\/09\/LAEQ-Cover.jpg\",\"contentUrl\":\"https:\/\/lesafriquesenquestions.com\/wp-content\/uploads\/2025\/09\/LAEQ-Cover.jpg\",\"width\":640,\"height\":640},{\"@type\":\"BreadcrumbList\",\"@id\":\"https:\/\/lesafriquesenquestions.com\/#breadcrumb\",\"itemListElement\":[{\"@type\":\"ListItem\",\"position\":1,\"name\":\"Home\",\"item\":\"https:\/\/lesafriquesenquestions.com\/\"},{\"@type\":\"ListItem\",\"position\":2,\"name\":\"Acceuil\"}]},{\"@type\":\"WebSite\",\"@id\":\"https:\/\/lesafriquesenquestions.com\/#website\",\"url\":\"https:\/\/lesafriquesenquestions.com\/\",\"name\":\"Les Afriques en Questions\",\"description\":\"\",\"potentialAction\":[{\"@type\":\"SearchAction\",\"target\":{\"@type\":\"EntryPoint\",\"urlTemplate\":\"https:\/\/lesafriquesenquestions.com\/?s={search_term_string}\"},\"query-input\":{\"@type\":\"PropertyValueSpecification\",\"valueRequired\":true,\"valueName\":\"search_term_string\"}}],\"inLanguage\":\"fr-FR\"}]}<\/script>\n<!-- \/ Yoast SEO plugin. -->","yoast_head_json":{"title":"Acceuil - Les Afriques en Questions","robots":{"index":"index","follow":"follow","max-snippet":"max-snippet:-1","max-image-preview":"max-image-preview:large","max-video-preview":"max-video-preview:-1"},"canonical":"https:\/\/lesafriquesenquestions.com\/","og_locale":"fr_FR","og_type":"article","og_title":"Acceuil - Les Afriques en Questions","og_description":"Les enjeux strat\u00e9giques, politiques et s\u00e9curitaires en Afrique(s) Des entretiens exigeants avec des chercheurs, diplomates, journalistes et acteurs de terrain \u2014 pour comprendre le continent au-del\u00e0 des r\u00e9cits convenus. Nouveaux \u00e9pisodes Les derni\u00e8res question(s) Donald Trump, l&rsquo;Afrique et le Sahel Relations Internationales Privatiser la guerre : l&rsquo;Afrique et le march\u00e9 de la s\u00e9curit\u00e9 S\u00e9curit\u00e9 &amp; [&hellip;]","og_url":"https:\/\/lesafriquesenquestions.com\/","og_site_name":"Les Afriques en Questions","article_modified_time":"2026-04-16T12:26:48+00:00","og_image":[{"url":"https:\/\/lesafriquesenquestions.com\/wp-content\/uploads\/2025\/09\/LAEQ-Cover.jpg","type":"","width":"","height":""}],"twitter_card":"summary_large_image","twitter_misc":{"Dur\u00e9e de lecture estim\u00e9e":"9 minutes"},"schema":{"@context":"https:\/\/schema.org","@graph":[{"@type":"WebPage","@id":"https:\/\/lesafriquesenquestions.com\/","url":"https:\/\/lesafriquesenquestions.com\/","name":"Acceuil - Les Afriques en Questions","isPartOf":{"@id":"https:\/\/lesafriquesenquestions.com\/#website"},"primaryImageOfPage":{"@id":"https:\/\/lesafriquesenquestions.com\/#primaryimage"},"image":{"@id":"https:\/\/lesafriquesenquestions.com\/#primaryimage"},"thumbnailUrl":"https:\/\/lesafriquesenquestions.com\/wp-content\/uploads\/2025\/09\/LAEQ-Cover.jpg","datePublished":"2023-11-23T10:12:30+00:00","dateModified":"2026-04-16T12:26:48+00:00","breadcrumb":{"@id":"https:\/\/lesafriquesenquestions.com\/#breadcrumb"},"inLanguage":"fr-FR","potentialAction":[{"@type":"ReadAction","target":["https:\/\/lesafriquesenquestions.com\/"]}]},{"@type":"ImageObject","inLanguage":"fr-FR","@id":"https:\/\/lesafriquesenquestions.com\/#primaryimage","url":"https:\/\/lesafriquesenquestions.com\/wp-content\/uploads\/2025\/09\/LAEQ-Cover.jpg","contentUrl":"https:\/\/lesafriquesenquestions.com\/wp-content\/uploads\/2025\/09\/LAEQ-Cover.jpg","width":640,"height":640},{"@type":"BreadcrumbList","@id":"https:\/\/lesafriquesenquestions.com\/#breadcrumb","itemListElement":[{"@type":"ListItem","position":1,"name":"Home","item":"https:\/\/lesafriquesenquestions.com\/"},{"@type":"ListItem","position":2,"name":"Acceuil"}]},{"@type":"WebSite","@id":"https:\/\/lesafriquesenquestions.com\/#website","url":"https:\/\/lesafriquesenquestions.com\/","name":"Les Afriques en Questions","description":"","potentialAction":[{"@type":"SearchAction","target":{"@type":"EntryPoint","urlTemplate":"https:\/\/lesafriquesenquestions.com\/?s={search_term_string}"},"query-input":{"@type":"PropertyValueSpecification","valueRequired":true,"valueName":"search_term_string"}}],"inLanguage":"fr-FR"}]}},"campaignId":"","_links":{"self":[{"href":"https:\/\/lesafriquesenquestions.com\/index.php?rest_route=\/wp\/v2\/pages\/3972","targetHints":{"allow":["GET"]}}],"collection":[{"href":"https:\/\/lesafriquesenquestions.com\/index.php?rest_route=\/wp\/v2\/pages"}],"about":[{"href":"https:\/\/lesafriquesenquestions.com\/index.php?rest_route=\/wp\/v2\/types\/page"}],"author":[{"embeddable":true,"href":"https:\/\/lesafriquesenquestions.com\/index.php?rest_route=\/wp\/v2\/users\/1"}],"replies":[{"embeddable":true,"href":"https:\/\/lesafriquesenquestions.com\/index.php?rest_route=%2Fwp%2Fv2%2Fcomments&post=3972"}],"version-history":[{"count":56,"href":"https:\/\/lesafriquesenquestions.com\/index.php?rest_route=\/wp\/v2\/pages\/3972\/revisions"}],"predecessor-version":[{"id":5550,"href":"https:\/\/lesafriquesenquestions.com\/index.php?rest_route=\/wp\/v2\/pages\/3972\/revisions\/5550"}],"wp:attachment":[{"href":"https:\/\/lesafriquesenquestions.com\/index.php?rest_route=%2Fwp%2Fv2%2Fmedia&parent=3972"}],"curies":[{"name":"wp","href":"https:\/\/api.w.org\/{rel}","templated":true}]}}