{"id":5368,"date":"2025-03-22T08:00:00","date_gmt":"2025-03-22T07:00:00","guid":{"rendered":"https:\/\/lesafriquesenquestions.com\/?ova_audio=petrole-et-gaz-au-senegal-promesses-et-realites"},"modified":"2026-04-07T03:01:29","modified_gmt":"2026-04-07T01:01:29","slug":"petrole-et-gaz-au-senegal-promesses-et-realites","status":"publish","type":"ova_audio","link":"https:\/\/lesafriquesenquestions.com\/?ova_audio=petrole-et-gaz-au-senegal-promesses-et-realites","title":{"rendered":"P\u00e9trole et gaz au S\u00e9n\u00e9gal, promesses et r\u00e9alit\u00e9s"},"content":{"rendered":"<p>Le S\u00e9n\u00e9gal entre dans l&rsquo;\u00e8re p\u00e9troli\u00e8re et gazi\u00e8re. Fary Ndao, ing\u00e9nieur et analyste des questions \u00e9nerg\u00e9tiques, d\u00e9crypte les enjeux \u00e9conomiques et strat\u00e9giques, le r\u00f4le des multinationales, les d\u00e9fis de la souverainet\u00e9 \u00e9nerg\u00e9tique et les risques de la \u00ab\u00a0mal\u00e9diction des ressources\u00a0\u00bb.<\/p>\n<p>Un \u00e9change essentiel pour comprendre les d\u00e9fis d&rsquo;un secteur cl\u00e9 pour l&rsquo;avenir du S\u00e9n\u00e9gal et du continent.<\/p>\n","protected":false},"excerpt":{"rendered":"<p>Le S\u00e9n\u00e9gal entre dans l&rsquo;\u00e8re p\u00e9troli\u00e8re. Transformation historique ou nouveau mirage des ressources ?<\/p>\n","protected":false},"featured_media":5381,"comment_status":"open","ping_status":"closed","template":"","category_audio":[40],"season_audio":[55],"tag_audio":[],"class_list":["post-5368","ova_audio","type-ova_audio","status-publish","has-post-thumbnail","hentry","category_audio-economie-politique","season_audio-saison-3"],"yoast_head":"<!-- This site is optimized with the Yoast SEO plugin v27.2 - https:\/\/yoast.com\/product\/yoast-seo-wordpress\/ -->\n<title>P\u00e9trole et gaz au S\u00e9n\u00e9gal, promesses et r\u00e9alit\u00e9s - Les Afriques en Questions<\/title>\n<meta name=\"robots\" content=\"index, follow, max-snippet:-1, max-image-preview:large, max-video-preview:-1\" \/>\n<link rel=\"canonical\" href=\"https:\/\/lesafriquesenquestions.com\/?ova_audio=petrole-et-gaz-au-senegal-promesses-et-realites\" \/>\n<meta property=\"og:locale\" content=\"fr_FR\" \/>\n<meta property=\"og:type\" content=\"article\" \/>\n<meta property=\"og:title\" content=\"P\u00e9trole et gaz au S\u00e9n\u00e9gal, promesses et r\u00e9alit\u00e9s - Les Afriques en Questions\" \/>\n<meta property=\"og:description\" content=\"Le S\u00e9n\u00e9gal entre dans l&#039;\u00e8re p\u00e9troli\u00e8re. Transformation historique ou nouveau mirage des ressources ?\" \/>\n<meta property=\"og:url\" content=\"https:\/\/lesafriquesenquestions.com\/?ova_audio=petrole-et-gaz-au-senegal-promesses-et-realites\" \/>\n<meta property=\"og:site_name\" content=\"Les Afriques en Questions\" \/>\n<meta property=\"article:modified_time\" content=\"2026-04-07T01:01:29+00:00\" \/>\n<meta property=\"og:image\" content=\"https:\/\/lesafriquesenquestions.com\/wp-content\/uploads\/2025\/09\/LAEQ-Cover.jpg\" \/>\n\t<meta property=\"og:image:width\" content=\"640\" \/>\n\t<meta property=\"og:image:height\" content=\"640\" \/>\n\t<meta property=\"og:image:type\" content=\"image\/jpeg\" \/>\n<meta name=\"twitter:card\" content=\"summary_large_image\" \/>\n<meta name=\"twitter:label1\" content=\"Dur\u00e9e de lecture estim\u00e9e\" \/>\n\t<meta name=\"twitter:data1\" content=\"1 minute\" \/>\n<script type=\"application\/ld+json\" class=\"yoast-schema-graph\">{\"@context\":\"https:\/\/schema.org\",\"@graph\":[{\"@type\":\"WebPage\",\"@id\":\"https:\/\/lesafriquesenquestions.com\/?ova_audio=petrole-et-gaz-au-senegal-promesses-et-realites\",\"url\":\"https:\/\/lesafriquesenquestions.com\/?ova_audio=petrole-et-gaz-au-senegal-promesses-et-realites\",\"name\":\"P\u00e9trole et gaz au S\u00e9n\u00e9gal, promesses et r\u00e9alit\u00e9s - Les Afriques en Questions\",\"isPartOf\":{\"@id\":\"https:\/\/lesafriquesenquestions.com\/#website\"},\"primaryImageOfPage\":{\"@id\":\"https:\/\/lesafriquesenquestions.com\/?ova_audio=petrole-et-gaz-au-senegal-promesses-et-realites#primaryimage\"},\"image\":{\"@id\":\"https:\/\/lesafriquesenquestions.com\/?ova_audio=petrole-et-gaz-au-senegal-promesses-et-realites#primaryimage\"},\"thumbnailUrl\":\"https:\/\/lesafriquesenquestions.com\/wp-content\/uploads\/2025\/09\/LAEQ-Cover.jpg\",\"datePublished\":\"2025-03-22T07:00:00+00:00\",\"dateModified\":\"2026-04-07T01:01:29+00:00\",\"breadcrumb\":{\"@id\":\"https:\/\/lesafriquesenquestions.com\/?ova_audio=petrole-et-gaz-au-senegal-promesses-et-realites#breadcrumb\"},\"inLanguage\":\"fr-FR\",\"potentialAction\":[{\"@type\":\"ReadAction\",\"target\":[\"https:\/\/lesafriquesenquestions.com\/?ova_audio=petrole-et-gaz-au-senegal-promesses-et-realites\"]}]},{\"@type\":\"ImageObject\",\"inLanguage\":\"fr-FR\",\"@id\":\"https:\/\/lesafriquesenquestions.com\/?ova_audio=petrole-et-gaz-au-senegal-promesses-et-realites#primaryimage\",\"url\":\"https:\/\/lesafriquesenquestions.com\/wp-content\/uploads\/2025\/09\/LAEQ-Cover.jpg\",\"contentUrl\":\"https:\/\/lesafriquesenquestions.com\/wp-content\/uploads\/2025\/09\/LAEQ-Cover.jpg\",\"width\":640,\"height\":640},{\"@type\":\"BreadcrumbList\",\"@id\":\"https:\/\/lesafriquesenquestions.com\/?ova_audio=petrole-et-gaz-au-senegal-promesses-et-realites#breadcrumb\",\"itemListElement\":[{\"@type\":\"ListItem\",\"position\":1,\"name\":\"Home\",\"item\":\"https:\/\/lesafriquesenquestions.com\/\"},{\"@type\":\"ListItem\",\"position\":2,\"name\":\"Audios\",\"item\":\"https:\/\/lesafriquesenquestions.com\/?post_type=ova_audio\"},{\"@type\":\"ListItem\",\"position\":3,\"name\":\"P\u00e9trole et gaz au S\u00e9n\u00e9gal, promesses et r\u00e9alit\u00e9s\"}]},{\"@type\":\"WebSite\",\"@id\":\"https:\/\/lesafriquesenquestions.com\/#website\",\"url\":\"https:\/\/lesafriquesenquestions.com\/\",\"name\":\"Les Afriques en Questions\",\"description\":\"\",\"potentialAction\":[{\"@type\":\"SearchAction\",\"target\":{\"@type\":\"EntryPoint\",\"urlTemplate\":\"https:\/\/lesafriquesenquestions.com\/?s={search_term_string}\"},\"query-input\":{\"@type\":\"PropertyValueSpecification\",\"valueRequired\":true,\"valueName\":\"search_term_string\"}}],\"inLanguage\":\"fr-FR\"}]}<\/script>\n<!-- \/ Yoast SEO plugin. -->","yoast_head_json":{"title":"P\u00e9trole et gaz au S\u00e9n\u00e9gal, promesses et r\u00e9alit\u00e9s - Les Afriques en Questions","robots":{"index":"index","follow":"follow","max-snippet":"max-snippet:-1","max-image-preview":"max-image-preview:large","max-video-preview":"max-video-preview:-1"},"canonical":"https:\/\/lesafriquesenquestions.com\/?ova_audio=petrole-et-gaz-au-senegal-promesses-et-realites","og_locale":"fr_FR","og_type":"article","og_title":"P\u00e9trole et gaz au S\u00e9n\u00e9gal, promesses et r\u00e9alit\u00e9s - Les Afriques en Questions","og_description":"Le S\u00e9n\u00e9gal entre dans l'\u00e8re p\u00e9troli\u00e8re. Transformation historique ou nouveau mirage des ressources ?","og_url":"https:\/\/lesafriquesenquestions.com\/?ova_audio=petrole-et-gaz-au-senegal-promesses-et-realites","og_site_name":"Les Afriques en Questions","article_modified_time":"2026-04-07T01:01:29+00:00","og_image":[{"width":640,"height":640,"url":"https:\/\/lesafriquesenquestions.com\/wp-content\/uploads\/2025\/09\/LAEQ-Cover.jpg","type":"image\/jpeg"}],"twitter_card":"summary_large_image","twitter_misc":{"Dur\u00e9e de lecture estim\u00e9e":"1 minute"},"schema":{"@context":"https:\/\/schema.org","@graph":[{"@type":"WebPage","@id":"https:\/\/lesafriquesenquestions.com\/?ova_audio=petrole-et-gaz-au-senegal-promesses-et-realites","url":"https:\/\/lesafriquesenquestions.com\/?ova_audio=petrole-et-gaz-au-senegal-promesses-et-realites","name":"P\u00e9trole et gaz au S\u00e9n\u00e9gal, promesses et r\u00e9alit\u00e9s - Les Afriques en Questions","isPartOf":{"@id":"https:\/\/lesafriquesenquestions.com\/#website"},"primaryImageOfPage":{"@id":"https:\/\/lesafriquesenquestions.com\/?ova_audio=petrole-et-gaz-au-senegal-promesses-et-realites#primaryimage"},"image":{"@id":"https:\/\/lesafriquesenquestions.com\/?ova_audio=petrole-et-gaz-au-senegal-promesses-et-realites#primaryimage"},"thumbnailUrl":"https:\/\/lesafriquesenquestions.com\/wp-content\/uploads\/2025\/09\/LAEQ-Cover.jpg","datePublished":"2025-03-22T07:00:00+00:00","dateModified":"2026-04-07T01:01:29+00:00","breadcrumb":{"@id":"https:\/\/lesafriquesenquestions.com\/?ova_audio=petrole-et-gaz-au-senegal-promesses-et-realites#breadcrumb"},"inLanguage":"fr-FR","potentialAction":[{"@type":"ReadAction","target":["https:\/\/lesafriquesenquestions.com\/?ova_audio=petrole-et-gaz-au-senegal-promesses-et-realites"]}]},{"@type":"ImageObject","inLanguage":"fr-FR","@id":"https:\/\/lesafriquesenquestions.com\/?ova_audio=petrole-et-gaz-au-senegal-promesses-et-realites#primaryimage","url":"https:\/\/lesafriquesenquestions.com\/wp-content\/uploads\/2025\/09\/LAEQ-Cover.jpg","contentUrl":"https:\/\/lesafriquesenquestions.com\/wp-content\/uploads\/2025\/09\/LAEQ-Cover.jpg","width":640,"height":640},{"@type":"BreadcrumbList","@id":"https:\/\/lesafriquesenquestions.com\/?ova_audio=petrole-et-gaz-au-senegal-promesses-et-realites#breadcrumb","itemListElement":[{"@type":"ListItem","position":1,"name":"Home","item":"https:\/\/lesafriquesenquestions.com\/"},{"@type":"ListItem","position":2,"name":"Audios","item":"https:\/\/lesafriquesenquestions.com\/?post_type=ova_audio"},{"@type":"ListItem","position":3,"name":"P\u00e9trole et gaz au S\u00e9n\u00e9gal, promesses et r\u00e9alit\u00e9s"}]},{"@type":"WebSite","@id":"https:\/\/lesafriquesenquestions.com\/#website","url":"https:\/\/lesafriquesenquestions.com\/","name":"Les Afriques en Questions","description":"","potentialAction":[{"@type":"SearchAction","target":{"@type":"EntryPoint","urlTemplate":"https:\/\/lesafriquesenquestions.com\/?s={search_term_string}"},"query-input":{"@type":"PropertyValueSpecification","valueRequired":true,"valueName":"search_term_string"}}],"inLanguage":"fr-FR"}]}},"_links":{"self":[{"href":"https:\/\/lesafriquesenquestions.com\/index.php?rest_route=\/wp\/v2\/ova_audio\/5368","targetHints":{"allow":["GET"]}}],"collection":[{"href":"https:\/\/lesafriquesenquestions.com\/index.php?rest_route=\/wp\/v2\/ova_audio"}],"about":[{"href":"https:\/\/lesafriquesenquestions.com\/index.php?rest_route=\/wp\/v2\/types\/ova_audio"}],"replies":[{"embeddable":true,"href":"https:\/\/lesafriquesenquestions.com\/index.php?rest_route=%2Fwp%2Fv2%2Fcomments&post=5368"}],"version-history":[{"count":2,"href":"https:\/\/lesafriquesenquestions.com\/index.php?rest_route=\/wp\/v2\/ova_audio\/5368\/revisions"}],"predecessor-version":[{"id":5405,"href":"https:\/\/lesafriquesenquestions.com\/index.php?rest_route=\/wp\/v2\/ova_audio\/5368\/revisions\/5405"}],"wp:featuredmedia":[{"embeddable":true,"href":"https:\/\/lesafriquesenquestions.com\/index.php?rest_route=\/wp\/v2\/media\/5381"}],"wp:attachment":[{"href":"https:\/\/lesafriquesenquestions.com\/index.php?rest_route=%2Fwp%2Fv2%2Fmedia&parent=5368"}],"wp:term":[{"taxonomy":"category_audio","embeddable":true,"href":"https:\/\/lesafriquesenquestions.com\/index.php?rest_route=%2Fwp%2Fv2%2Fcategory_audio&post=5368"},{"taxonomy":"season_audio","embeddable":true,"href":"https:\/\/lesafriquesenquestions.com\/index.php?rest_route=%2Fwp%2Fv2%2Fseason_audio&post=5368"},{"taxonomy":"tag_audio","embeddable":true,"href":"https:\/\/lesafriquesenquestions.com\/index.php?rest_route=%2Fwp%2Fv2%2Ftag_audio&post=5368"}],"curies":[{"name":"wp","href":"https:\/\/api.w.org\/{rel}","templated":true}]}}