{"id":5363,"date":"2025-09-25T08:00:00","date_gmt":"2025-09-25T06:00:00","guid":{"rendered":"https:\/\/lesafriquesenquestions.com\/?ova_audio=privatiser-la-guerre-lafrique-et-le-marche-de-la-securite"},"modified":"2026-04-07T02:58:33","modified_gmt":"2026-04-07T00:58:33","slug":"privatiser-la-guerre-lafrique-et-le-marche-de-la-securite","status":"publish","type":"ova_audio","link":"https:\/\/lesafriquesenquestions.com\/?ova_audio=privatiser-la-guerre-lafrique-et-le-marche-de-la-securite","title":{"rendered":"Privatiser la guerre : l&rsquo;Afrique et le march\u00e9 de la s\u00e9curit\u00e9"},"content":{"rendered":"<p>Djenabou Ciss\u00e9, charg\u00e9e de recherche \u00e0 la Fondation pour la recherche strat\u00e9gique (FRS), d\u00e9crypte la mont\u00e9e en puissance des entreprises de s\u00e9curit\u00e9 priv\u00e9es en Afrique. De la protection de sites miniers \u00e0 l&rsquo;assistance militaire, les soci\u00e9t\u00e9s priv\u00e9es \u2013 russes, turques, occidentales, mais aussi africaines \u2013 occupent un espace strat\u00e9gique autrefois r\u00e9serv\u00e9 aux forces \u00e9tatiques.<\/p>\n<p>L&rsquo;\u00e9pisode interroge les cons\u00e9quences politiques, juridiques et op\u00e9rationnelles de cette tendance : dilution des responsabilit\u00e9s, zones d&rsquo;opacit\u00e9 contractuelle, risques pour les droits humains, et d\u00e9pendances croissantes des \u00c9tats face \u00e0 des acteurs aux logiques parfois opaques.<\/p>\n","protected":false},"excerpt":{"rendered":"<p>Des mines aux casernes, la s\u00e9curit\u00e9 devient un service. Mais \u00e0 quel prix pour la souverainet\u00e9 des \u00c9tats ?<\/p>\n","protected":false},"featured_media":5381,"comment_status":"open","ping_status":"closed","template":"","category_audio":[33],"season_audio":[55],"tag_audio":[],"class_list":["post-5363","ova_audio","type-ova_audio","status-publish","has-post-thumbnail","hentry","category_audio-securite-sahel","season_audio-saison-3"],"yoast_head":"<!-- This site is optimized with the Yoast SEO plugin v27.2 - https:\/\/yoast.com\/product\/yoast-seo-wordpress\/ -->\n<title>Privatiser la guerre : l&#039;Afrique et le march\u00e9 de la s\u00e9curit\u00e9 - Les Afriques en Questions<\/title>\n<meta name=\"robots\" content=\"index, follow, max-snippet:-1, max-image-preview:large, max-video-preview:-1\" \/>\n<link rel=\"canonical\" href=\"https:\/\/lesafriquesenquestions.com\/?ova_audio=privatiser-la-guerre-lafrique-et-le-marche-de-la-securite\" \/>\n<meta property=\"og:locale\" content=\"fr_FR\" \/>\n<meta property=\"og:type\" content=\"article\" \/>\n<meta property=\"og:title\" content=\"Privatiser la guerre : l&#039;Afrique et le march\u00e9 de la s\u00e9curit\u00e9 - Les Afriques en Questions\" \/>\n<meta property=\"og:description\" content=\"Des mines aux casernes, la s\u00e9curit\u00e9 devient un service. Mais \u00e0 quel prix pour la souverainet\u00e9 des \u00c9tats ?\" \/>\n<meta property=\"og:url\" content=\"https:\/\/lesafriquesenquestions.com\/?ova_audio=privatiser-la-guerre-lafrique-et-le-marche-de-la-securite\" \/>\n<meta property=\"og:site_name\" content=\"Les Afriques en Questions\" \/>\n<meta property=\"article:modified_time\" content=\"2026-04-07T00:58:33+00:00\" \/>\n<meta property=\"og:image\" content=\"https:\/\/lesafriquesenquestions.com\/wp-content\/uploads\/2025\/09\/LAEQ-Cover.jpg\" \/>\n\t<meta property=\"og:image:width\" content=\"640\" \/>\n\t<meta property=\"og:image:height\" content=\"640\" \/>\n\t<meta property=\"og:image:type\" content=\"image\/jpeg\" \/>\n<meta name=\"twitter:card\" content=\"summary_large_image\" \/>\n<meta name=\"twitter:label1\" content=\"Dur\u00e9e de lecture estim\u00e9e\" \/>\n\t<meta name=\"twitter:data1\" content=\"1 minute\" \/>\n<script type=\"application\/ld+json\" class=\"yoast-schema-graph\">{\"@context\":\"https:\/\/schema.org\",\"@graph\":[{\"@type\":\"WebPage\",\"@id\":\"https:\/\/lesafriquesenquestions.com\/?ova_audio=privatiser-la-guerre-lafrique-et-le-marche-de-la-securite\",\"url\":\"https:\/\/lesafriquesenquestions.com\/?ova_audio=privatiser-la-guerre-lafrique-et-le-marche-de-la-securite\",\"name\":\"Privatiser la guerre : l'Afrique et le march\u00e9 de la s\u00e9curit\u00e9 - Les Afriques en Questions\",\"isPartOf\":{\"@id\":\"https:\/\/lesafriquesenquestions.com\/#website\"},\"primaryImageOfPage\":{\"@id\":\"https:\/\/lesafriquesenquestions.com\/?ova_audio=privatiser-la-guerre-lafrique-et-le-marche-de-la-securite#primaryimage\"},\"image\":{\"@id\":\"https:\/\/lesafriquesenquestions.com\/?ova_audio=privatiser-la-guerre-lafrique-et-le-marche-de-la-securite#primaryimage\"},\"thumbnailUrl\":\"https:\/\/lesafriquesenquestions.com\/wp-content\/uploads\/2025\/09\/LAEQ-Cover.jpg\",\"datePublished\":\"2025-09-25T06:00:00+00:00\",\"dateModified\":\"2026-04-07T00:58:33+00:00\",\"breadcrumb\":{\"@id\":\"https:\/\/lesafriquesenquestions.com\/?ova_audio=privatiser-la-guerre-lafrique-et-le-marche-de-la-securite#breadcrumb\"},\"inLanguage\":\"fr-FR\",\"potentialAction\":[{\"@type\":\"ReadAction\",\"target\":[\"https:\/\/lesafriquesenquestions.com\/?ova_audio=privatiser-la-guerre-lafrique-et-le-marche-de-la-securite\"]}]},{\"@type\":\"ImageObject\",\"inLanguage\":\"fr-FR\",\"@id\":\"https:\/\/lesafriquesenquestions.com\/?ova_audio=privatiser-la-guerre-lafrique-et-le-marche-de-la-securite#primaryimage\",\"url\":\"https:\/\/lesafriquesenquestions.com\/wp-content\/uploads\/2025\/09\/LAEQ-Cover.jpg\",\"contentUrl\":\"https:\/\/lesafriquesenquestions.com\/wp-content\/uploads\/2025\/09\/LAEQ-Cover.jpg\",\"width\":640,\"height\":640},{\"@type\":\"BreadcrumbList\",\"@id\":\"https:\/\/lesafriquesenquestions.com\/?ova_audio=privatiser-la-guerre-lafrique-et-le-marche-de-la-securite#breadcrumb\",\"itemListElement\":[{\"@type\":\"ListItem\",\"position\":1,\"name\":\"Home\",\"item\":\"https:\/\/lesafriquesenquestions.com\/\"},{\"@type\":\"ListItem\",\"position\":2,\"name\":\"Audios\",\"item\":\"https:\/\/lesafriquesenquestions.com\/?post_type=ova_audio\"},{\"@type\":\"ListItem\",\"position\":3,\"name\":\"Privatiser la guerre : l&rsquo;Afrique et le march\u00e9 de la s\u00e9curit\u00e9\"}]},{\"@type\":\"WebSite\",\"@id\":\"https:\/\/lesafriquesenquestions.com\/#website\",\"url\":\"https:\/\/lesafriquesenquestions.com\/\",\"name\":\"Les Afriques en Questions\",\"description\":\"\",\"potentialAction\":[{\"@type\":\"SearchAction\",\"target\":{\"@type\":\"EntryPoint\",\"urlTemplate\":\"https:\/\/lesafriquesenquestions.com\/?s={search_term_string}\"},\"query-input\":{\"@type\":\"PropertyValueSpecification\",\"valueRequired\":true,\"valueName\":\"search_term_string\"}}],\"inLanguage\":\"fr-FR\"}]}<\/script>\n<!-- \/ Yoast SEO plugin. -->","yoast_head_json":{"title":"Privatiser la guerre : l'Afrique et le march\u00e9 de la s\u00e9curit\u00e9 - Les Afriques en Questions","robots":{"index":"index","follow":"follow","max-snippet":"max-snippet:-1","max-image-preview":"max-image-preview:large","max-video-preview":"max-video-preview:-1"},"canonical":"https:\/\/lesafriquesenquestions.com\/?ova_audio=privatiser-la-guerre-lafrique-et-le-marche-de-la-securite","og_locale":"fr_FR","og_type":"article","og_title":"Privatiser la guerre : l'Afrique et le march\u00e9 de la s\u00e9curit\u00e9 - Les Afriques en Questions","og_description":"Des mines aux casernes, la s\u00e9curit\u00e9 devient un service. Mais \u00e0 quel prix pour la souverainet\u00e9 des \u00c9tats ?","og_url":"https:\/\/lesafriquesenquestions.com\/?ova_audio=privatiser-la-guerre-lafrique-et-le-marche-de-la-securite","og_site_name":"Les Afriques en Questions","article_modified_time":"2026-04-07T00:58:33+00:00","og_image":[{"width":640,"height":640,"url":"https:\/\/lesafriquesenquestions.com\/wp-content\/uploads\/2025\/09\/LAEQ-Cover.jpg","type":"image\/jpeg"}],"twitter_card":"summary_large_image","twitter_misc":{"Dur\u00e9e de lecture estim\u00e9e":"1 minute"},"schema":{"@context":"https:\/\/schema.org","@graph":[{"@type":"WebPage","@id":"https:\/\/lesafriquesenquestions.com\/?ova_audio=privatiser-la-guerre-lafrique-et-le-marche-de-la-securite","url":"https:\/\/lesafriquesenquestions.com\/?ova_audio=privatiser-la-guerre-lafrique-et-le-marche-de-la-securite","name":"Privatiser la guerre : l'Afrique et le march\u00e9 de la s\u00e9curit\u00e9 - Les Afriques en Questions","isPartOf":{"@id":"https:\/\/lesafriquesenquestions.com\/#website"},"primaryImageOfPage":{"@id":"https:\/\/lesafriquesenquestions.com\/?ova_audio=privatiser-la-guerre-lafrique-et-le-marche-de-la-securite#primaryimage"},"image":{"@id":"https:\/\/lesafriquesenquestions.com\/?ova_audio=privatiser-la-guerre-lafrique-et-le-marche-de-la-securite#primaryimage"},"thumbnailUrl":"https:\/\/lesafriquesenquestions.com\/wp-content\/uploads\/2025\/09\/LAEQ-Cover.jpg","datePublished":"2025-09-25T06:00:00+00:00","dateModified":"2026-04-07T00:58:33+00:00","breadcrumb":{"@id":"https:\/\/lesafriquesenquestions.com\/?ova_audio=privatiser-la-guerre-lafrique-et-le-marche-de-la-securite#breadcrumb"},"inLanguage":"fr-FR","potentialAction":[{"@type":"ReadAction","target":["https:\/\/lesafriquesenquestions.com\/?ova_audio=privatiser-la-guerre-lafrique-et-le-marche-de-la-securite"]}]},{"@type":"ImageObject","inLanguage":"fr-FR","@id":"https:\/\/lesafriquesenquestions.com\/?ova_audio=privatiser-la-guerre-lafrique-et-le-marche-de-la-securite#primaryimage","url":"https:\/\/lesafriquesenquestions.com\/wp-content\/uploads\/2025\/09\/LAEQ-Cover.jpg","contentUrl":"https:\/\/lesafriquesenquestions.com\/wp-content\/uploads\/2025\/09\/LAEQ-Cover.jpg","width":640,"height":640},{"@type":"BreadcrumbList","@id":"https:\/\/lesafriquesenquestions.com\/?ova_audio=privatiser-la-guerre-lafrique-et-le-marche-de-la-securite#breadcrumb","itemListElement":[{"@type":"ListItem","position":1,"name":"Home","item":"https:\/\/lesafriquesenquestions.com\/"},{"@type":"ListItem","position":2,"name":"Audios","item":"https:\/\/lesafriquesenquestions.com\/?post_type=ova_audio"},{"@type":"ListItem","position":3,"name":"Privatiser la guerre : l&rsquo;Afrique et le march\u00e9 de la s\u00e9curit\u00e9"}]},{"@type":"WebSite","@id":"https:\/\/lesafriquesenquestions.com\/#website","url":"https:\/\/lesafriquesenquestions.com\/","name":"Les Afriques en Questions","description":"","potentialAction":[{"@type":"SearchAction","target":{"@type":"EntryPoint","urlTemplate":"https:\/\/lesafriquesenquestions.com\/?s={search_term_string}"},"query-input":{"@type":"PropertyValueSpecification","valueRequired":true,"valueName":"search_term_string"}}],"inLanguage":"fr-FR"}]}},"_links":{"self":[{"href":"https:\/\/lesafriquesenquestions.com\/index.php?rest_route=\/wp\/v2\/ova_audio\/5363","targetHints":{"allow":["GET"]}}],"collection":[{"href":"https:\/\/lesafriquesenquestions.com\/index.php?rest_route=\/wp\/v2\/ova_audio"}],"about":[{"href":"https:\/\/lesafriquesenquestions.com\/index.php?rest_route=\/wp\/v2\/types\/ova_audio"}],"replies":[{"embeddable":true,"href":"https:\/\/lesafriquesenquestions.com\/index.php?rest_route=%2Fwp%2Fv2%2Fcomments&post=5363"}],"version-history":[{"count":2,"href":"https:\/\/lesafriquesenquestions.com\/index.php?rest_route=\/wp\/v2\/ova_audio\/5363\/revisions"}],"predecessor-version":[{"id":5398,"href":"https:\/\/lesafriquesenquestions.com\/index.php?rest_route=\/wp\/v2\/ova_audio\/5363\/revisions\/5398"}],"wp:featuredmedia":[{"embeddable":true,"href":"https:\/\/lesafriquesenquestions.com\/index.php?rest_route=\/wp\/v2\/media\/5381"}],"wp:attachment":[{"href":"https:\/\/lesafriquesenquestions.com\/index.php?rest_route=%2Fwp%2Fv2%2Fmedia&parent=5363"}],"wp:term":[{"taxonomy":"category_audio","embeddable":true,"href":"https:\/\/lesafriquesenquestions.com\/index.php?rest_route=%2Fwp%2Fv2%2Fcategory_audio&post=5363"},{"taxonomy":"season_audio","embeddable":true,"href":"https:\/\/lesafriquesenquestions.com\/index.php?rest_route=%2Fwp%2Fv2%2Fseason_audio&post=5363"},{"taxonomy":"tag_audio","embeddable":true,"href":"https:\/\/lesafriquesenquestions.com\/index.php?rest_route=%2Fwp%2Fv2%2Ftag_audio&post=5363"}],"curies":[{"name":"wp","href":"https:\/\/api.w.org\/{rel}","templated":true}]}}